{"id":33255,"date":"2023-12-04T17:14:55","date_gmt":"2023-12-04T12:14:55","guid":{"rendered":"https:\/\/orientstar.uz\/preguntas-frecuentes\/"},"modified":"2023-12-09T01:18:07","modified_gmt":"2023-12-08T20:18:07","slug":"preguntas-frecuentes","status":"publish","type":"page","link":"https:\/\/orientstar.uz\/es\/preguntas-frecuentes\/","title":{"rendered":"Preguntas Frecuentes"},"content":{"rendered":"\t\t<div data-elementor-type=\"wp-page\" data-elementor-id=\"33255\" class=\"elementor elementor-33255 elementor-33081\" data-elementor-post-type=\"page\">\n\t\t\t\t<div class=\"elementor-element elementor-element-1c6d19e5 animated-slow e-flex e-con-boxed e-con e-parent\" data-id=\"1c6d19e5\" data-element_type=\"container\" data-e-type=\"container\" data-settings=\"{&quot;background_background&quot;:&quot;classic&quot;,&quot;animation&quot;:&quot;none&quot;,&quot;animation_delay&quot;:0}\">\n\t\t\t\t\t<div class=\"e-con-inner\">\n\t\t\t\t<div class=\"elementor-element elementor-element-28be3e13 elementor-invisible elementor-widget elementor-widget-heading\" data-id=\"28be3e13\" data-element_type=\"widget\" data-e-type=\"widget\" data-settings=\"{&quot;_animation&quot;:&quot;fadeInDown&quot;,&quot;_animation_delay&quot;:0}\" data-widget_type=\"heading.default\">\n\t\t\t\t\t<h2 class=\"elementor-heading-title elementor-size-default\">Preguntas Frecuentes<\/h2>\t\t\t\t<\/div>\n\t\t\t\t\t<\/div>\n\t\t\t\t<\/div>\n\t\t<div class=\"elementor-element elementor-element-4e57fe56 animated-slow e-flex e-con-boxed elementor-invisible e-con e-parent\" data-id=\"4e57fe56\" data-element_type=\"container\" data-e-type=\"container\" data-settings=\"{&quot;animation&quot;:&quot;fadeIn&quot;,&quot;animation_delay&quot;:0,&quot;background_background&quot;:&quot;classic&quot;}\">\n\t\t\t\t\t<div class=\"e-con-inner\">\n\t\t\t\t<div class=\"elementor-element elementor-element-5c8587dd elementor-widget__width-initial elementor-invisible elementor-widget elementor-widget-heading\" data-id=\"5c8587dd\" data-element_type=\"widget\" data-e-type=\"widget\" data-settings=\"{&quot;_animation&quot;:&quot;fadeInUp&quot;}\" data-widget_type=\"heading.default\">\n\t\t\t\t\t<h1 class=\"elementor-heading-title elementor-size-xxl\">Prep\u00e1rate bien antes de viajar<\/h1>\t\t\t\t<\/div>\n\t\t\t\t\t<\/div>\n\t\t\t\t<\/div>\n\t\t\t\t<section class=\"elementor-section elementor-inner-section elementor-element elementor-element-6c293fc1 elementor-section-boxed elementor-section-height-default elementor-section-height-default\" data-id=\"6c293fc1\" data-element_type=\"section\" data-e-type=\"section\" data-settings=\"{&quot;background_background&quot;:&quot;classic&quot;}\">\n\t\t\t\t\t\t<div class=\"elementor-container elementor-column-gap-default\">\n\t\t\t\t\t<div class=\"elementor-column elementor-col-50 elementor-inner-column elementor-element elementor-element-45a1a6f4\" data-id=\"45a1a6f4\" data-element_type=\"column\" data-e-type=\"column\">\n\t\t\t<div class=\"elementor-widget-wrap elementor-element-populated\">\n\t\t\t\t\t\t<div class=\"elementor-element elementor-element-68a3335e elementor-widget elementor-widget-st_faq\" data-id=\"68a3335e\" data-element_type=\"widget\" data-e-type=\"widget\" data-widget_type=\"st_faq.default\">\n\t\t\t\t<div class=\"elementor-widget-container\">\n\t\t\t\t\t<div class=\"accordion faq style1\" id=\"accordion_cu\u00e1ntos-d\u00edas-antes-de-la-salida-se-cierran-todos-los-grupos\">\r\n    <div class=\"accordion-item\">\r\n        <h2 class=\"accordion-header\" id=\"heading_cu\u00e1ntos-d\u00edas-antes-de-la-salida-se-cierran-todos-los-grupos\">\r\n            <button class=\"accordion-button   collapsed\"\r\n                type=\"button\"\r\n                data-bs-toggle=\"collapse\"\r\n                data-bs-target=\"#st-cu\u00e1ntos-d\u00edas-antes-de-la-salida-se-cierran-todos-los-grupos\"\r\n                aria-expanded=\"false\"\r\n                aria-controls=\"cu\u00e1ntos-d\u00edas-antes-de-la-salida-se-cierran-todos-los-grupos\"\r\n            >\r\n                \u00bfCu\u00e1ntos d\u00edas antes de la salida se cierran todos los grupos?            <\/button>\r\n        <\/h2>\r\n        <div id=\"st-cu\u00e1ntos-d\u00edas-antes-de-la-salida-se-cierran-todos-los-grupos\" class=\"accordion-collapse collapse \"\r\n            aria-labelledby=\"heading_cu\u00e1ntos-d\u00edas-antes-de-la-salida-se-cierran-todos-los-grupos\"\r\n            data-bs-parent=\"#accordion_cu\u00e1ntos-d\u00edas-antes-de-la-salida-se-cierran-todos-los-grupos\"\r\n        >\r\n            <div class=\"accordion-body\">\r\n                Cerramos todos los grupos 25 d\u00edas antes de la salida. En caso de reservas de \u00faltima hora, se recomienda consultar la disponibilidad en hoteles, vuelos dom\u00e9sticos y trenes.            <\/div>\r\n        <\/div>\r\n    <\/div>\r\n<\/div>\r\n\t\t\t\t<\/div>\n\t\t\t\t<\/div>\n\t\t\t\t<div class=\"elementor-element elementor-element-3fc18196 elementor-widget elementor-widget-st_faq\" data-id=\"3fc18196\" data-element_type=\"widget\" data-e-type=\"widget\" data-widget_type=\"st_faq.default\">\n\t\t\t\t<div class=\"elementor-widget-container\">\n\t\t\t\t\t<div class=\"accordion faq style1\" id=\"accordion_qu\u00e9-sucede-si-los-hoteles-mencionados-en-el-programa-no-est\u00e1n-disponibles-en-la-fecha-de-la-reserva\">\r\n    <div class=\"accordion-item\">\r\n        <h2 class=\"accordion-header\" id=\"heading_qu\u00e9-sucede-si-los-hoteles-mencionados-en-el-programa-no-est\u00e1n-disponibles-en-la-fecha-de-la-reserva\">\r\n            <button class=\"accordion-button   collapsed\"\r\n                type=\"button\"\r\n                data-bs-toggle=\"collapse\"\r\n                data-bs-target=\"#st-qu\u00e9-sucede-si-los-hoteles-mencionados-en-el-programa-no-est\u00e1n-disponibles-en-la-fecha-de-la-reserva\"\r\n                aria-expanded=\"false\"\r\n                aria-controls=\"qu\u00e9-sucede-si-los-hoteles-mencionados-en-el-programa-no-est\u00e1n-disponibles-en-la-fecha-de-la-reserva\"\r\n            >\r\n                \u00bfQu\u00e9 sucede si los hoteles mencionados en el programa no est\u00e1n disponibles en la fecha de la reserva?            <\/button>\r\n        <\/h2>\r\n        <div id=\"st-qu\u00e9-sucede-si-los-hoteles-mencionados-en-el-programa-no-est\u00e1n-disponibles-en-la-fecha-de-la-reserva\" class=\"accordion-collapse collapse \"\r\n            aria-labelledby=\"heading_qu\u00e9-sucede-si-los-hoteles-mencionados-en-el-programa-no-est\u00e1n-disponibles-en-la-fecha-de-la-reserva\"\r\n            data-bs-parent=\"#accordion_qu\u00e9-sucede-si-los-hoteles-mencionados-en-el-programa-no-est\u00e1n-disponibles-en-la-fecha-de-la-reserva\"\r\n        >\r\n            <div class=\"accordion-body\">\r\n                Si los hoteles indicados en el programa no est\u00e1n disponibles en la fecha de la reserva, se reservar\u00e1n otros hoteles de la misma categor\u00eda seg\u00fan la disponibilidad.            <\/div>\r\n        <\/div>\r\n    <\/div>\r\n<\/div>\r\n\t\t\t\t<\/div>\n\t\t\t\t<\/div>\n\t\t\t\t<div class=\"elementor-element elementor-element-355b7331 elementor-widget elementor-widget-st_faq\" data-id=\"355b7331\" data-element_type=\"widget\" data-e-type=\"widget\" data-widget_type=\"st_faq.default\">\n\t\t\t\t<div class=\"elementor-widget-container\">\n\t\t\t\t\t<div class=\"accordion faq style1\" id=\"accordion_cu\u00e1l-es-la-estrategia-para-las-comidas-planificadas-durante-el-itinerario\">\r\n    <div class=\"accordion-item\">\r\n        <h2 class=\"accordion-header\" id=\"heading_cu\u00e1l-es-la-estrategia-para-las-comidas-planificadas-durante-el-itinerario\">\r\n            <button class=\"accordion-button   collapsed\"\r\n                type=\"button\"\r\n                data-bs-toggle=\"collapse\"\r\n                data-bs-target=\"#st-cu\u00e1l-es-la-estrategia-para-las-comidas-planificadas-durante-el-itinerario\"\r\n                aria-expanded=\"false\"\r\n                aria-controls=\"cu\u00e1l-es-la-estrategia-para-las-comidas-planificadas-durante-el-itinerario\"\r\n            >\r\n                \u00bfCu\u00e1l es la estrategia para las comidas planificadas durante el itinerario?            <\/button>\r\n        <\/h2>\r\n        <div id=\"st-cu\u00e1l-es-la-estrategia-para-las-comidas-planificadas-durante-el-itinerario\" class=\"accordion-collapse collapse \"\r\n            aria-labelledby=\"heading_cu\u00e1l-es-la-estrategia-para-las-comidas-planificadas-durante-el-itinerario\"\r\n            data-bs-parent=\"#accordion_cu\u00e1l-es-la-estrategia-para-las-comidas-planificadas-durante-el-itinerario\"\r\n        >\r\n            <div class=\"accordion-body\">\r\n                Las comidas durante la ruta est\u00e1n programadas en restaurantes locales, casas rurales, casas de artesanos, etc.            <\/div>\r\n        <\/div>\r\n    <\/div>\r\n<\/div>\r\n\t\t\t\t<\/div>\n\t\t\t\t<\/div>\n\t\t\t\t<div class=\"elementor-element elementor-element-e7f3b08 elementor-widget elementor-widget-st_faq\" data-id=\"e7f3b08\" data-element_type=\"widget\" data-e-type=\"widget\" data-widget_type=\"st_faq.default\">\n\t\t\t\t<div class=\"elementor-widget-container\">\n\t\t\t\t\t<div class=\"accordion faq style1\" id=\"accordion_cu\u00e1l-es-la-pol\u00edtica-de-uzbekist\u00e1n-en-relaci\u00f3n-con-la-vacuna-contra-el-covid-19-para-los-viajeros\">\r\n    <div class=\"accordion-item\">\r\n        <h2 class=\"accordion-header\" id=\"heading_cu\u00e1l-es-la-pol\u00edtica-de-uzbekist\u00e1n-en-relaci\u00f3n-con-la-vacuna-contra-el-covid-19-para-los-viajeros\">\r\n            <button class=\"accordion-button   collapsed\"\r\n                type=\"button\"\r\n                data-bs-toggle=\"collapse\"\r\n                data-bs-target=\"#st-cu\u00e1l-es-la-pol\u00edtica-de-uzbekist\u00e1n-en-relaci\u00f3n-con-la-vacuna-contra-el-covid-19-para-los-viajeros\"\r\n                aria-expanded=\"false\"\r\n                aria-controls=\"cu\u00e1l-es-la-pol\u00edtica-de-uzbekist\u00e1n-en-relaci\u00f3n-con-la-vacuna-contra-el-covid-19-para-los-viajeros\"\r\n            >\r\n                \u00bfCu\u00e1l es la pol\u00edtica de Uzbekist\u00e1n en relaci\u00f3n con la vacuna contra el COVID-19 para los viajeros?            <\/button>\r\n        <\/h2>\r\n        <div id=\"st-cu\u00e1l-es-la-pol\u00edtica-de-uzbekist\u00e1n-en-relaci\u00f3n-con-la-vacuna-contra-el-covid-19-para-los-viajeros\" class=\"accordion-collapse collapse \"\r\n            aria-labelledby=\"heading_cu\u00e1l-es-la-pol\u00edtica-de-uzbekist\u00e1n-en-relaci\u00f3n-con-la-vacuna-contra-el-covid-19-para-los-viajeros\"\r\n            data-bs-parent=\"#accordion_cu\u00e1l-es-la-pol\u00edtica-de-uzbekist\u00e1n-en-relaci\u00f3n-con-la-vacuna-contra-el-covid-19-para-los-viajeros\"\r\n        >\r\n            <div class=\"accordion-body\">\r\n                Uzbekist\u00e1n no exige vacuna contra el COVID-19 ni prueba PCR.            <\/div>\r\n        <\/div>\r\n    <\/div>\r\n<\/div>\r\n\t\t\t\t<\/div>\n\t\t\t\t<\/div>\n\t\t\t\t<div class=\"elementor-element elementor-element-55cd0d78 elementor-widget elementor-widget-st_faq\" data-id=\"55cd0d78\" data-element_type=\"widget\" data-e-type=\"widget\" data-widget_type=\"st_faq.default\">\n\t\t\t\t<div class=\"elementor-widget-container\">\n\t\t\t\t\t<div class=\"accordion faq style1\" id=\"accordion_a-qu\u00e9-se-refiere-la-posibilidad-de-cambios-en-los-horarios-y-d\u00edas-de-operaci\u00f3n-de-los-trenes\">\r\n    <div class=\"accordion-item\">\r\n        <h2 class=\"accordion-header\" id=\"heading_a-qu\u00e9-se-refiere-la-posibilidad-de-cambios-en-los-horarios-y-d\u00edas-de-operaci\u00f3n-de-los-trenes\">\r\n            <button class=\"accordion-button   collapsed\"\r\n                type=\"button\"\r\n                data-bs-toggle=\"collapse\"\r\n                data-bs-target=\"#st-a-qu\u00e9-se-refiere-la-posibilidad-de-cambios-en-los-horarios-y-d\u00edas-de-operaci\u00f3n-de-los-trenes\"\r\n                aria-expanded=\"false\"\r\n                aria-controls=\"a-qu\u00e9-se-refiere-la-posibilidad-de-cambios-en-los-horarios-y-d\u00edas-de-operaci\u00f3n-de-los-trenes\"\r\n            >\r\n                \u00bfA qu\u00e9 se refiere la posibilidad de cambios en los horarios y d\u00edas de operaci\u00f3n de los trenes?            <\/button>\r\n        <\/h2>\r\n        <div id=\"st-a-qu\u00e9-se-refiere-la-posibilidad-de-cambios-en-los-horarios-y-d\u00edas-de-operaci\u00f3n-de-los-trenes\" class=\"accordion-collapse collapse \"\r\n            aria-labelledby=\"heading_a-qu\u00e9-se-refiere-la-posibilidad-de-cambios-en-los-horarios-y-d\u00edas-de-operaci\u00f3n-de-los-trenes\"\r\n            data-bs-parent=\"#accordion_a-qu\u00e9-se-refiere-la-posibilidad-de-cambios-en-los-horarios-y-d\u00edas-de-operaci\u00f3n-de-los-trenes\"\r\n        >\r\n            <div class=\"accordion-body\">\r\n                El itinerario est\u00e1 sujeto a alteraciones seg\u00fan los cambios que la compa\u00f1\u00eda de ferrocarriles pueda realizar en sus horarios y d\u00edas de operaci\u00f3n de trenes.            <\/div>\r\n        <\/div>\r\n    <\/div>\r\n<\/div>\r\n\t\t\t\t<\/div>\n\t\t\t\t<\/div>\n\t\t\t\t<div class=\"elementor-element elementor-element-e51d7dd elementor-widget elementor-widget-st_faq\" data-id=\"e51d7dd\" data-element_type=\"widget\" data-e-type=\"widget\" data-widget_type=\"st_faq.default\">\n\t\t\t\t<div class=\"elementor-widget-container\">\n\t\t\t\t\t<div class=\"accordion faq style1\" id=\"accordion_en-qu\u00e9-momento-espec\u00edfico-se-pueden-reservar-los-asientos-en-vuelos-dom\u00e9sticos\">\r\n    <div class=\"accordion-item\">\r\n        <h2 class=\"accordion-header\" id=\"heading_en-qu\u00e9-momento-espec\u00edfico-se-pueden-reservar-los-asientos-en-vuelos-dom\u00e9sticos\">\r\n            <button class=\"accordion-button   collapsed\"\r\n                type=\"button\"\r\n                data-bs-toggle=\"collapse\"\r\n                data-bs-target=\"#st-en-qu\u00e9-momento-espec\u00edfico-se-pueden-reservar-los-asientos-en-vuelos-dom\u00e9sticos\"\r\n                aria-expanded=\"false\"\r\n                aria-controls=\"en-qu\u00e9-momento-espec\u00edfico-se-pueden-reservar-los-asientos-en-vuelos-dom\u00e9sticos\"\r\n            >\r\n                \u00bfEn qu\u00e9 momento espec\u00edfico se pueden reservar los asientos en vuelos dom\u00e9sticos?            <\/button>\r\n        <\/h2>\r\n        <div id=\"st-en-qu\u00e9-momento-espec\u00edfico-se-pueden-reservar-los-asientos-en-vuelos-dom\u00e9sticos\" class=\"accordion-collapse collapse \"\r\n            aria-labelledby=\"heading_en-qu\u00e9-momento-espec\u00edfico-se-pueden-reservar-los-asientos-en-vuelos-dom\u00e9sticos\"\r\n            data-bs-parent=\"#accordion_en-qu\u00e9-momento-espec\u00edfico-se-pueden-reservar-los-asientos-en-vuelos-dom\u00e9sticos\"\r\n        >\r\n            <div class=\"accordion-body\">\r\n                Los asientos en vuelos dom\u00e9sticos solo se pueden reservar durante el check-in del vuelo y no en l\u00ednea.            <\/div>\r\n        <\/div>\r\n    <\/div>\r\n<\/div>\r\n\t\t\t\t<\/div>\n\t\t\t\t<\/div>\n\t\t\t\t<div class=\"elementor-element elementor-element-84a0a11 elementor-widget elementor-widget-st_faq\" data-id=\"84a0a11\" data-element_type=\"widget\" data-e-type=\"widget\" data-widget_type=\"st_faq.default\">\n\t\t\t\t<div class=\"elementor-widget-container\">\n\t\t\t\t\t<div class=\"accordion faq style1\" id=\"accordion_qu\u00e9-informaci\u00f3n-clave-se-debe-tener-en-cuenta-con-la-frase-importante-para-saber\">\r\n    <div class=\"accordion-item\">\r\n        <h2 class=\"accordion-header\" id=\"heading_qu\u00e9-informaci\u00f3n-clave-se-debe-tener-en-cuenta-con-la-frase-importante-para-saber\">\r\n            <button class=\"accordion-button   collapsed\"\r\n                type=\"button\"\r\n                data-bs-toggle=\"collapse\"\r\n                data-bs-target=\"#st-qu\u00e9-informaci\u00f3n-clave-se-debe-tener-en-cuenta-con-la-frase-importante-para-saber\"\r\n                aria-expanded=\"false\"\r\n                aria-controls=\"qu\u00e9-informaci\u00f3n-clave-se-debe-tener-en-cuenta-con-la-frase-importante-para-saber\"\r\n            >\r\n                \u00bfQu\u00e9 informaci\u00f3n clave se debe tener en cuenta con la frase &quot;IMPORTANTE PARA SABER&quot;?            <\/button>\r\n        <\/h2>\r\n        <div id=\"st-qu\u00e9-informaci\u00f3n-clave-se-debe-tener-en-cuenta-con-la-frase-importante-para-saber\" class=\"accordion-collapse collapse \"\r\n            aria-labelledby=\"heading_qu\u00e9-informaci\u00f3n-clave-se-debe-tener-en-cuenta-con-la-frase-importante-para-saber\"\r\n            data-bs-parent=\"#accordion_qu\u00e9-informaci\u00f3n-clave-se-debe-tener-en-cuenta-con-la-frase-importante-para-saber\"\r\n        >\r\n            <div class=\"accordion-body\">\r\n                Se solicita a los viajeros no arrojar basura en la calle y llevar consigo un pa\u00f1uelo para cubrirse en lugares religiosos. Algunas mezquitas pueden requerir entrar descalzos.            <\/div>\r\n        <\/div>\r\n    <\/div>\r\n<\/div>\r\n\t\t\t\t<\/div>\n\t\t\t\t<\/div>\n\t\t\t\t<div class=\"elementor-element elementor-element-3bd21eb elementor-widget elementor-widget-st_faq\" data-id=\"3bd21eb\" data-element_type=\"widget\" data-e-type=\"widget\" data-widget_type=\"st_faq.default\">\n\t\t\t\t<div class=\"elementor-widget-container\">\n\t\t\t\t\t<div class=\"accordion faq style1\" id=\"accordion_cu\u00e1l-es-la-moneda-que-se-utiliza-en-el-destino-en-cuesti\u00f3n\">\r\n    <div class=\"accordion-item\">\r\n        <h2 class=\"accordion-header\" id=\"heading_cu\u00e1l-es-la-moneda-que-se-utiliza-en-el-destino-en-cuesti\u00f3n\">\r\n            <button class=\"accordion-button   collapsed\"\r\n                type=\"button\"\r\n                data-bs-toggle=\"collapse\"\r\n                data-bs-target=\"#st-cu\u00e1l-es-la-moneda-que-se-utiliza-en-el-destino-en-cuesti\u00f3n\"\r\n                aria-expanded=\"false\"\r\n                aria-controls=\"cu\u00e1l-es-la-moneda-que-se-utiliza-en-el-destino-en-cuesti\u00f3n\"\r\n            >\r\n                \u00bfCu\u00e1l es la moneda que se utiliza en el destino en cuesti\u00f3n?            <\/button>\r\n        <\/h2>\r\n        <div id=\"st-cu\u00e1l-es-la-moneda-que-se-utiliza-en-el-destino-en-cuesti\u00f3n\" class=\"accordion-collapse collapse \"\r\n            aria-labelledby=\"heading_cu\u00e1l-es-la-moneda-que-se-utiliza-en-el-destino-en-cuesti\u00f3n\"\r\n            data-bs-parent=\"#accordion_cu\u00e1l-es-la-moneda-que-se-utiliza-en-el-destino-en-cuesti\u00f3n\"\r\n        >\r\n            <div class=\"accordion-body\">\r\n                La moneda local es el sum uzbeko. El cambio en efectivo se realiza solo en bancos. Los cajeros autom\u00e1ticos aceptan tarjetas internacionales como Visa o MasterCard, con una comisi\u00f3n m\u00ednima.            <\/div>\r\n        <\/div>\r\n    <\/div>\r\n<\/div>\r\n\t\t\t\t<\/div>\n\t\t\t\t<\/div>\n\t\t\t\t<div class=\"elementor-element elementor-element-7a7e718 elementor-widget elementor-widget-st_faq\" data-id=\"7a7e718\" data-element_type=\"widget\" data-e-type=\"widget\" data-widget_type=\"st_faq.default\">\n\t\t\t\t<div class=\"elementor-widget-container\">\n\t\t\t\t\t<div class=\"accordion faq style1\" id=\"accordion_es-obligatorio-dar-propina-o-es-una-pr\u00e1ctica-opcional\">\r\n    <div class=\"accordion-item\">\r\n        <h2 class=\"accordion-header\" id=\"heading_es-obligatorio-dar-propina-o-es-una-pr\u00e1ctica-opcional\">\r\n            <button class=\"accordion-button   collapsed\"\r\n                type=\"button\"\r\n                data-bs-toggle=\"collapse\"\r\n                data-bs-target=\"#st-es-obligatorio-dar-propina-o-es-una-pr\u00e1ctica-opcional\"\r\n                aria-expanded=\"false\"\r\n                aria-controls=\"es-obligatorio-dar-propina-o-es-una-pr\u00e1ctica-opcional\"\r\n            >\r\n                \u00bfEs obligatorio dar propina, o es una pr\u00e1ctica opcional?            <\/button>\r\n        <\/h2>\r\n        <div id=\"st-es-obligatorio-dar-propina-o-es-una-pr\u00e1ctica-opcional\" class=\"accordion-collapse collapse \"\r\n            aria-labelledby=\"heading_es-obligatorio-dar-propina-o-es-una-pr\u00e1ctica-opcional\"\r\n            data-bs-parent=\"#accordion_es-obligatorio-dar-propina-o-es-una-pr\u00e1ctica-opcional\"\r\n        >\r\n            <div class=\"accordion-body\">\r\n                En Uzbekist\u00e1n, es com\u00fan dar propinas a maleteros, conductores y gu\u00edas.            <\/div>\r\n        <\/div>\r\n    <\/div>\r\n<\/div>\r\n\t\t\t\t<\/div>\n\t\t\t\t<\/div>\n\t\t\t\t\t<\/div>\n\t\t<\/div>\n\t\t\t\t<div class=\"elementor-column elementor-col-50 elementor-inner-column elementor-element elementor-element-5c37e258\" data-id=\"5c37e258\" data-element_type=\"column\" data-e-type=\"column\">\n\t\t\t<div class=\"elementor-widget-wrap elementor-element-populated\">\n\t\t\t\t\t\t<div class=\"elementor-element elementor-element-dc2bfbe elementor-widget elementor-widget-st_faq\" data-id=\"dc2bfbe\" data-element_type=\"widget\" data-e-type=\"widget\" data-widget_type=\"st_faq.default\">\n\t\t\t\t<div class=\"elementor-widget-container\">\n\t\t\t\t\t<div class=\"accordion faq style1\" id=\"accordion_qu\u00e9-se-considera-imprescindible-al-hacer-reservas\">\r\n    <div class=\"accordion-item\">\r\n        <h2 class=\"accordion-header\" id=\"heading_qu\u00e9-se-considera-imprescindible-al-hacer-reservas\">\r\n            <button class=\"accordion-button   collapsed\"\r\n                type=\"button\"\r\n                data-bs-toggle=\"collapse\"\r\n                data-bs-target=\"#st-qu\u00e9-se-considera-imprescindible-al-hacer-reservas\"\r\n                aria-expanded=\"false\"\r\n                aria-controls=\"qu\u00e9-se-considera-imprescindible-al-hacer-reservas\"\r\n            >\r\n                \u00bfQu\u00e9 se considera imprescindible al hacer reservas?            <\/button>\r\n        <\/h2>\r\n        <div id=\"st-qu\u00e9-se-considera-imprescindible-al-hacer-reservas\" class=\"accordion-collapse collapse \"\r\n            aria-labelledby=\"heading_qu\u00e9-se-considera-imprescindible-al-hacer-reservas\"\r\n            data-bs-parent=\"#accordion_qu\u00e9-se-considera-imprescindible-al-hacer-reservas\"\r\n        >\r\n            <div class=\"accordion-body\">\r\n                Al realizar reservas, es imprescindible enviar escaneadas las copias de los pasaportes.            <\/div>\r\n        <\/div>\r\n    <\/div>\r\n<\/div>\r\n\t\t\t\t<\/div>\n\t\t\t\t<\/div>\n\t\t\t\t<div class=\"elementor-element elementor-element-7227cb1a elementor-widget elementor-widget-st_faq\" data-id=\"7227cb1a\" data-element_type=\"widget\" data-e-type=\"widget\" data-widget_type=\"st_faq.default\">\n\t\t\t\t<div class=\"elementor-widget-container\">\n\t\t\t\t\t<div class=\"accordion faq style1\" id=\"accordion_cu\u00e1l-es-el-procedimiento-obligatorio-al-registrarse-en-un-hotel-nuevo\">\r\n    <div class=\"accordion-item\">\r\n        <h2 class=\"accordion-header\" id=\"heading_cu\u00e1l-es-el-procedimiento-obligatorio-al-registrarse-en-un-hotel-nuevo\">\r\n            <button class=\"accordion-button   collapsed\"\r\n                type=\"button\"\r\n                data-bs-toggle=\"collapse\"\r\n                data-bs-target=\"#st-cu\u00e1l-es-el-procedimiento-obligatorio-al-registrarse-en-un-hotel-nuevo\"\r\n                aria-expanded=\"false\"\r\n                aria-controls=\"cu\u00e1l-es-el-procedimiento-obligatorio-al-registrarse-en-un-hotel-nuevo\"\r\n            >\r\n                \u00bfCu\u00e1l es el procedimiento obligatorio al registrarse en un hotel nuevo?            <\/button>\r\n        <\/h2>\r\n        <div id=\"st-cu\u00e1l-es-el-procedimiento-obligatorio-al-registrarse-en-un-hotel-nuevo\" class=\"accordion-collapse collapse \"\r\n            aria-labelledby=\"heading_cu\u00e1l-es-el-procedimiento-obligatorio-al-registrarse-en-un-hotel-nuevo\"\r\n            data-bs-parent=\"#accordion_cu\u00e1l-es-el-procedimiento-obligatorio-al-registrarse-en-un-hotel-nuevo\"\r\n        >\r\n            <div class=\"accordion-body\">\r\n                Al llegar a un hotel por primera vez (en cada nuevo destino), es obligatorio entregar el pasaporte en la recepci\u00f3n. Sin la presentaci\u00f3n del pasaporte, incluso si el alojamiento est\u00e1 prepagado, no se permitir\u00e1 el acceso a la habitaci\u00f3n.            <\/div>\r\n        <\/div>\r\n    <\/div>\r\n<\/div>\r\n\t\t\t\t<\/div>\n\t\t\t\t<\/div>\n\t\t\t\t<div class=\"elementor-element elementor-element-ac479e3 elementor-widget elementor-widget-st_faq\" data-id=\"ac479e3\" data-element_type=\"widget\" data-e-type=\"widget\" data-widget_type=\"st_faq.default\">\n\t\t\t\t<div class=\"elementor-widget-container\">\n\t\t\t\t\t<div class=\"accordion faq style1\" id=\"accordion_cu\u00e1l-es-uno-de-los-requisitos-clave-en-t\u00e9rminos-de-validez-del-pasaporte-para-el-viaje-a-uzbekist\u00e1n\">\r\n    <div class=\"accordion-item\">\r\n        <h2 class=\"accordion-header\" id=\"heading_cu\u00e1l-es-uno-de-los-requisitos-clave-en-t\u00e9rminos-de-validez-del-pasaporte-para-el-viaje-a-uzbekist\u00e1n\">\r\n            <button class=\"accordion-button   collapsed\"\r\n                type=\"button\"\r\n                data-bs-toggle=\"collapse\"\r\n                data-bs-target=\"#st-cu\u00e1l-es-uno-de-los-requisitos-clave-en-t\u00e9rminos-de-validez-del-pasaporte-para-el-viaje-a-uzbekist\u00e1n\"\r\n                aria-expanded=\"false\"\r\n                aria-controls=\"cu\u00e1l-es-uno-de-los-requisitos-clave-en-t\u00e9rminos-de-validez-del-pasaporte-para-el-viaje-a-uzbekist\u00e1n\"\r\n            >\r\n                \u00bfCu\u00e1l es uno de los requisitos clave en t\u00e9rminos de validez del pasaporte para el viaje a Uzbekist\u00e1n?            <\/button>\r\n        <\/h2>\r\n        <div id=\"st-cu\u00e1l-es-uno-de-los-requisitos-clave-en-t\u00e9rminos-de-validez-del-pasaporte-para-el-viaje-a-uzbekist\u00e1n\" class=\"accordion-collapse collapse \"\r\n            aria-labelledby=\"heading_cu\u00e1l-es-uno-de-los-requisitos-clave-en-t\u00e9rminos-de-validez-del-pasaporte-para-el-viaje-a-uzbekist\u00e1n\"\r\n            data-bs-parent=\"#accordion_cu\u00e1l-es-uno-de-los-requisitos-clave-en-t\u00e9rminos-de-validez-del-pasaporte-para-el-viaje-a-uzbekist\u00e1n\"\r\n        >\r\n            <div class=\"accordion-body\">\r\n                Es responsabilidad del viajero tener toda la documentaci\u00f3n en regla. Se requiere un pasaporte con validez de al menos 6 meses. No se necesita visado para los pasajeros con pasaporte espa\u00f1ol; otras nacionalidades deben consultar.            <\/div>\r\n        <\/div>\r\n    <\/div>\r\n<\/div>\r\n\t\t\t\t<\/div>\n\t\t\t\t<\/div>\n\t\t\t\t<div class=\"elementor-element elementor-element-795a6a8 elementor-widget elementor-widget-st_faq\" data-id=\"795a6a8\" data-element_type=\"widget\" data-e-type=\"widget\" data-widget_type=\"st_faq.default\">\n\t\t\t\t<div class=\"elementor-widget-container\">\n\t\t\t\t\t<div class=\"accordion faq style1\" id=\"accordion_c\u00f3mo-pueden-afectar-los-cambios-en-los-horarios-y-d\u00edas-de-operaci\u00f3n-de-los-vuelos-a-la-planificaci\u00f3n-del-itinerario\">\r\n    <div class=\"accordion-item\">\r\n        <h2 class=\"accordion-header\" id=\"heading_c\u00f3mo-pueden-afectar-los-cambios-en-los-horarios-y-d\u00edas-de-operaci\u00f3n-de-los-vuelos-a-la-planificaci\u00f3n-del-itinerario\">\r\n            <button class=\"accordion-button   collapsed\"\r\n                type=\"button\"\r\n                data-bs-toggle=\"collapse\"\r\n                data-bs-target=\"#st-c\u00f3mo-pueden-afectar-los-cambios-en-los-horarios-y-d\u00edas-de-operaci\u00f3n-de-los-vuelos-a-la-planificaci\u00f3n-del-itinerario\"\r\n                aria-expanded=\"false\"\r\n                aria-controls=\"c\u00f3mo-pueden-afectar-los-cambios-en-los-horarios-y-d\u00edas-de-operaci\u00f3n-de-los-vuelos-a-la-planificaci\u00f3n-del-itinerario\"\r\n            >\r\n                \u00bfC\u00f3mo pueden afectar los cambios en los horarios y d\u00edas de operaci\u00f3n de los vuelos a la planificaci\u00f3n del itinerario?            <\/button>\r\n        <\/h2>\r\n        <div id=\"st-c\u00f3mo-pueden-afectar-los-cambios-en-los-horarios-y-d\u00edas-de-operaci\u00f3n-de-los-vuelos-a-la-planificaci\u00f3n-del-itinerario\" class=\"accordion-collapse collapse \"\r\n            aria-labelledby=\"heading_c\u00f3mo-pueden-afectar-los-cambios-en-los-horarios-y-d\u00edas-de-operaci\u00f3n-de-los-vuelos-a-la-planificaci\u00f3n-del-itinerario\"\r\n            data-bs-parent=\"#accordion_c\u00f3mo-pueden-afectar-los-cambios-en-los-horarios-y-d\u00edas-de-operaci\u00f3n-de-los-vuelos-a-la-planificaci\u00f3n-del-itinerario\"\r\n        >\r\n            <div class=\"accordion-body\">\r\n                El itinerario est\u00e1 sujeto a cambios seg\u00fan las modificaciones que realice la aerol\u00ednea en sus horarios y d\u00edas de operaci\u00f3n de vuelos.            <\/div>\r\n        <\/div>\r\n    <\/div>\r\n<\/div>\r\n\t\t\t\t<\/div>\n\t\t\t\t<\/div>\n\t\t\t\t<div class=\"elementor-element elementor-element-66a7271 elementor-widget elementor-widget-st_faq\" data-id=\"66a7271\" data-element_type=\"widget\" data-e-type=\"widget\" data-widget_type=\"st_faq.default\">\n\t\t\t\t<div class=\"elementor-widget-container\">\n\t\t\t\t\t<div class=\"accordion faq style1\" id=\"accordion_cu\u00e1l-es-la-franquicia-de-equipaje-permitida-para-vuelos-dom\u00e9sticos\">\r\n    <div class=\"accordion-item\">\r\n        <h2 class=\"accordion-header\" id=\"heading_cu\u00e1l-es-la-franquicia-de-equipaje-permitida-para-vuelos-dom\u00e9sticos\">\r\n            <button class=\"accordion-button   collapsed\"\r\n                type=\"button\"\r\n                data-bs-toggle=\"collapse\"\r\n                data-bs-target=\"#st-cu\u00e1l-es-la-franquicia-de-equipaje-permitida-para-vuelos-dom\u00e9sticos\"\r\n                aria-expanded=\"false\"\r\n                aria-controls=\"cu\u00e1l-es-la-franquicia-de-equipaje-permitida-para-vuelos-dom\u00e9sticos\"\r\n            >\r\n                \u00bfCu\u00e1l es la franquicia de equipaje permitida para vuelos dom\u00e9sticos?            <\/button>\r\n        <\/h2>\r\n        <div id=\"st-cu\u00e1l-es-la-franquicia-de-equipaje-permitida-para-vuelos-dom\u00e9sticos\" class=\"accordion-collapse collapse \"\r\n            aria-labelledby=\"heading_cu\u00e1l-es-la-franquicia-de-equipaje-permitida-para-vuelos-dom\u00e9sticos\"\r\n            data-bs-parent=\"#accordion_cu\u00e1l-es-la-franquicia-de-equipaje-permitida-para-vuelos-dom\u00e9sticos\"\r\n        >\r\n            <div class=\"accordion-body\">\r\n                Uzbekistan Airways permite una franquicia de equipaje de 23 kg en bodega y 8 kg en cabina. Silk Avia permite 20 kg en bodega y 5 kg en cabina.            <\/div>\r\n        <\/div>\r\n    <\/div>\r\n<\/div>\r\n\t\t\t\t<\/div>\n\t\t\t\t<\/div>\n\t\t\t\t<div class=\"elementor-element elementor-element-46cc79e elementor-widget elementor-widget-st_faq\" data-id=\"46cc79e\" data-element_type=\"widget\" data-e-type=\"widget\" data-widget_type=\"st_faq.default\">\n\t\t\t\t<div class=\"elementor-widget-container\">\n\t\t\t\t\t<div class=\"accordion faq style1\" id=\"accordion_qu\u00e9-se-debe-hacer-en-caso-de-p\u00e9rdida-o-demora-de-las-maletas-durante-el-viaje\">\r\n    <div class=\"accordion-item\">\r\n        <h2 class=\"accordion-header\" id=\"heading_qu\u00e9-se-debe-hacer-en-caso-de-p\u00e9rdida-o-demora-de-las-maletas-durante-el-viaje\">\r\n            <button class=\"accordion-button   collapsed\"\r\n                type=\"button\"\r\n                data-bs-toggle=\"collapse\"\r\n                data-bs-target=\"#st-qu\u00e9-se-debe-hacer-en-caso-de-p\u00e9rdida-o-demora-de-las-maletas-durante-el-viaje\"\r\n                aria-expanded=\"false\"\r\n                aria-controls=\"qu\u00e9-se-debe-hacer-en-caso-de-p\u00e9rdida-o-demora-de-las-maletas-durante-el-viaje\"\r\n            >\r\n                \u00bfQu\u00e9 se debe hacer en caso de p\u00e9rdida o demora de las maletas durante el viaje?            <\/button>\r\n        <\/h2>\r\n        <div id=\"st-qu\u00e9-se-debe-hacer-en-caso-de-p\u00e9rdida-o-demora-de-las-maletas-durante-el-viaje\" class=\"accordion-collapse collapse \"\r\n            aria-labelledby=\"heading_qu\u00e9-se-debe-hacer-en-caso-de-p\u00e9rdida-o-demora-de-las-maletas-durante-el-viaje\"\r\n            data-bs-parent=\"#accordion_qu\u00e9-se-debe-hacer-en-caso-de-p\u00e9rdida-o-demora-de-las-maletas-durante-el-viaje\"\r\n        >\r\n            <div class=\"accordion-body\">\r\n                En caso de extrav\u00edo o demora de las maletas, se debe recuperarlas personalmente en el aeropuerto. La recuperaci\u00f3n del equipaje desviado no est\u00e1 incluida en el precio del tour.            <\/div>\r\n        <\/div>\r\n    <\/div>\r\n<\/div>\r\n\t\t\t\t<\/div>\n\t\t\t\t<\/div>\n\t\t\t\t<div class=\"elementor-element elementor-element-c240ba4 elementor-widget elementor-widget-st_faq\" data-id=\"c240ba4\" data-element_type=\"widget\" data-e-type=\"widget\" data-widget_type=\"st_faq.default\">\n\t\t\t\t<div class=\"elementor-widget-container\">\n\t\t\t\t\t<div class=\"accordion faq style1\" id=\"accordion_cu\u00e1les-son-los-m\u00e9todos-de-pago-aceptados-para-los-servicios-proporcionados\">\r\n    <div class=\"accordion-item\">\r\n        <h2 class=\"accordion-header\" id=\"heading_cu\u00e1les-son-los-m\u00e9todos-de-pago-aceptados-para-los-servicios-proporcionados\">\r\n            <button class=\"accordion-button   collapsed\"\r\n                type=\"button\"\r\n                data-bs-toggle=\"collapse\"\r\n                data-bs-target=\"#st-cu\u00e1les-son-los-m\u00e9todos-de-pago-aceptados-para-los-servicios-proporcionados\"\r\n                aria-expanded=\"false\"\r\n                aria-controls=\"cu\u00e1les-son-los-m\u00e9todos-de-pago-aceptados-para-los-servicios-proporcionados\"\r\n            >\r\n                \u00bfCu\u00e1les son los m\u00e9todos de pago aceptados para los servicios proporcionados?            <\/button>\r\n        <\/h2>\r\n        <div id=\"st-cu\u00e1les-son-los-m\u00e9todos-de-pago-aceptados-para-los-servicios-proporcionados\" class=\"accordion-collapse collapse \"\r\n            aria-labelledby=\"heading_cu\u00e1les-son-los-m\u00e9todos-de-pago-aceptados-para-los-servicios-proporcionados\"\r\n            data-bs-parent=\"#accordion_cu\u00e1les-son-los-m\u00e9todos-de-pago-aceptados-para-los-servicios-proporcionados\"\r\n        >\r\n            <div class=\"accordion-body\">\r\n                Los pagos pueden realizarse mediante transferencia bancaria a nuestra cuenta en USD, UZS, EUR o RUB. Tambi\u00e9n aceptamos tarjetas bancarias para pagos en l\u00ednea a trav\u00e9s del enlace proporcionado en la aplicaci\u00f3n bancaria de la empresa. No obstante, es importante se\u00f1alar que solo se aceptan pagos en efectivo para servicios adicionales que puedan surgir durante su viaje en el pa\u00eds.            <\/div>\r\n        <\/div>\r\n    <\/div>\r\n<\/div>\r\n\t\t\t\t<\/div>\n\t\t\t\t<\/div>\n\t\t\t\t<div class=\"elementor-element elementor-element-9bc9057 elementor-widget elementor-widget-st_faq\" data-id=\"9bc9057\" data-element_type=\"widget\" data-e-type=\"widget\" data-widget_type=\"st_faq.default\">\n\t\t\t\t<div class=\"elementor-widget-container\">\n\t\t\t\t\t<div class=\"accordion faq style1\" id=\"accordion_cu\u00e1l-es-la-informaci\u00f3n-relevante-relacionada-con-la-vestimenta-para-el-viaje\">\r\n    <div class=\"accordion-item\">\r\n        <h2 class=\"accordion-header\" id=\"heading_cu\u00e1l-es-la-informaci\u00f3n-relevante-relacionada-con-la-vestimenta-para-el-viaje\">\r\n            <button class=\"accordion-button   collapsed\"\r\n                type=\"button\"\r\n                data-bs-toggle=\"collapse\"\r\n                data-bs-target=\"#st-cu\u00e1l-es-la-informaci\u00f3n-relevante-relacionada-con-la-vestimenta-para-el-viaje\"\r\n                aria-expanded=\"false\"\r\n                aria-controls=\"cu\u00e1l-es-la-informaci\u00f3n-relevante-relacionada-con-la-vestimenta-para-el-viaje\"\r\n            >\r\n                \u00bfCu\u00e1l es la informaci\u00f3n relevante relacionada con la vestimenta para el viaje?            <\/button>\r\n        <\/h2>\r\n        <div id=\"st-cu\u00e1l-es-la-informaci\u00f3n-relevante-relacionada-con-la-vestimenta-para-el-viaje\" class=\"accordion-collapse collapse \"\r\n            aria-labelledby=\"heading_cu\u00e1l-es-la-informaci\u00f3n-relevante-relacionada-con-la-vestimenta-para-el-viaje\"\r\n            data-bs-parent=\"#accordion_cu\u00e1l-es-la-informaci\u00f3n-relevante-relacionada-con-la-vestimenta-para-el-viaje\"\r\n        >\r\n            <div class=\"accordion-body\">\r\n                En Uzbekist\u00e1n, no hay restricciones de vestimenta debido al car\u00e1cter laico del gobierno. Se recomienda llevar un pa\u00f1uelo en la mochila para cubrirse en lugares religiosos.            <\/div>\r\n        <\/div>\r\n    <\/div>\r\n<\/div>\r\n\t\t\t\t<\/div>\n\t\t\t\t<\/div>\n\t\t\t\t<div class=\"elementor-element elementor-element-5c24bd1 elementor-widget elementor-widget-st_faq\" data-id=\"5c24bd1\" data-element_type=\"widget\" data-e-type=\"widget\" data-widget_type=\"st_faq.default\">\n\t\t\t\t<div class=\"elementor-widget-container\">\n\t\t\t\t\t<div class=\"accordion faq style1\" id=\"accordion_cu\u00e1les-son-los-t\u00e9rminos-y-condiciones-espec\u00edficos-para-cancelar-reservas\">\r\n    <div class=\"accordion-item\">\r\n        <h2 class=\"accordion-header\" id=\"heading_cu\u00e1les-son-los-t\u00e9rminos-y-condiciones-espec\u00edficos-para-cancelar-reservas\">\r\n            <button class=\"accordion-button   collapsed\"\r\n                type=\"button\"\r\n                data-bs-toggle=\"collapse\"\r\n                data-bs-target=\"#st-cu\u00e1les-son-los-t\u00e9rminos-y-condiciones-espec\u00edficos-para-cancelar-reservas\"\r\n                aria-expanded=\"false\"\r\n                aria-controls=\"cu\u00e1les-son-los-t\u00e9rminos-y-condiciones-espec\u00edficos-para-cancelar-reservas\"\r\n            >\r\n                \u00bfCu\u00e1les son los t\u00e9rminos y condiciones espec\u00edficos para cancelar reservas?            <\/button>\r\n        <\/h2>\r\n        <div id=\"st-cu\u00e1les-son-los-t\u00e9rminos-y-condiciones-espec\u00edficos-para-cancelar-reservas\" class=\"accordion-collapse collapse \"\r\n            aria-labelledby=\"heading_cu\u00e1les-son-los-t\u00e9rminos-y-condiciones-espec\u00edficos-para-cancelar-reservas\"\r\n            data-bs-parent=\"#accordion_cu\u00e1les-son-los-t\u00e9rminos-y-condiciones-espec\u00edficos-para-cancelar-reservas\"\r\n        >\r\n            <div class=\"accordion-body\">\r\n                Vuelo dom\u00e9stico: Se aplican 80 euros de gastos de cancelaci\u00f3n por tramo despu\u00e9s de que la reserva est\u00e9 firmada y confirmada.\nServicios de tierra: Consultar las condiciones detalladas en relaci\u00f3n con la cancelaci\u00f3n, que var\u00edan seg\u00fan el tiempo previo a la salida del tour.\n            <\/div>\r\n        <\/div>\r\n    <\/div>\r\n<\/div>\r\n\t\t\t\t<\/div>\n\t\t\t\t<\/div>\n\t\t\t\t\t<\/div>\n\t\t<\/div>\n\t\t\t\t\t<\/div>\n\t\t<\/section>\n\t\t<div class=\"elementor-element elementor-element-1885024d e-flex e-con-boxed e-con e-parent\" data-id=\"1885024d\" data-element_type=\"container\" data-e-type=\"container\">\n\t\t\t\t\t<div class=\"e-con-inner\">\n\t\t\t\t<div class=\"elementor-element elementor-element-271c3ac3 animated-slow elementor-invisible elementor-widget elementor-widget-heading\" data-id=\"271c3ac3\" data-element_type=\"widget\" data-e-type=\"widget\" data-settings=\"{&quot;_animation&quot;:&quot;fadeIn&quot;,&quot;_animation_delay&quot;:400}\" data-widget_type=\"heading.default\">\n\t\t\t\t\t<h2 class=\"elementor-heading-title elementor-size-default\">RELATOS, CONSEJOS Y GU\u00cdAS<\/h2>\t\t\t\t<\/div>\n\t\t\t\t<div class=\"elementor-element elementor-element-3504453b animated-slow elementor-widget elementor-widget-st_blog_list\" data-id=\"3504453b\" data-element_type=\"widget\" data-e-type=\"widget\" data-settings=\"{&quot;_animation&quot;:&quot;none&quot;,&quot;_animation_delay&quot;:400,&quot;item_row&quot;:&quot;4&quot;,&quot;order&quot;:&quot;ASC&quot;}\" data-widget_type=\"st_blog_list.default\">\n\t\t\t\t<div class=\"elementor-widget-container\">\n\t\t\t\t\t    <div class=\"st-list-service st-sliders st-style-arrow style-lib-slider-4\" data-slides-per-view=\"4\" data-pagination=\"on\" data-navigation=\"on\" data-auto-play=\"off\" data-loop=\"\" data-delay=\"\"  data-responsive=\"{&quot;0&quot;:{&quot;slidesPerView&quot;:1,&quot;spaceBetween&quot;:10},&quot;767&quot;:{&quot;slidesPerView&quot;:3,&quot;spaceBetween&quot;:24},&quot;1024&quot;:{&quot;slidesPerView&quot;:5,&quot;spaceBetween&quot;:24},&quot;1366&quot;:{&quot;slidesPerView&quot;:&quot;4&quot;,&quot;spaceBetween&quot;:24}}\">\r\n\r\n        <div class=\"service-list-wrapper st-blog-list-el st-blog-list-lib swiper-container\">\r\n            <div class=\"swiper-wrapper\">\r\n                                    <div class=\"swiper-slide\">\r\n                                                <div class=\"services-item grid item-elementor\">\r\n                            <div class=\"item service-border-lib border-radius-10\">\r\n                                <div class=\"featured-image\">\r\n                                                                            <div class=\"cate category-color\">\r\n                                            <ul>\r\n                                                <li ><a href=\"https:\/\/orientstar.uz\/es\/category\/folclore-uzbeko\/\" style=\"color:#fff\"><span style=\"color:#fff\"><\/span>FOLCLORE UZBEKO<\/a><\/li>                                            <\/ul>\r\n                                        <\/div>\r\n                                                                            <a href=\"https:\/\/orientstar.uz\/es\/el-burro-tonto\/\">\r\n                                        <img decoding=\"async\" itemprop=\"photo\" src=\"https:\/\/orientstar.uz\/wp-content\/uploads\/2023\/12\/06447edb-625a-418c-9435-95eb7270a42f-450x300.webp\" alt=\"EL BURRO TONTO\" class=\"img-fluid st-hover-grow\" \/>\r\n                                    <\/a>\r\n                                                                        <div class=\"content-item\">\r\n\r\n                                        <h3 class=\"title\" itemprop=\"name\">\r\n                                            <a href=\"https:\/\/orientstar.uz\/es\/el-burro-tonto\/\">EL BURRO TONTO<\/a>\r\n                                        <\/h3>\r\n\r\n                                        <div class=\"meta\">\r\n                                            <ul>\r\n                                                <li>\r\n                                                    <a href=\"https:\/\/orientstar.uz\/es\/author\/maliko\/\">\r\n                                                        <img alt='EL BURRO TONTO' src='https:\/\/orientstar.uz\/wp-content\/uploads\/2022\/04\/pic-300x300.png' srcset='https:\/\/orientstar.uz\/wp-content\/uploads\/2022\/04\/pic-300x300.png 300w, https:\/\/orientstar.uz\/wp-content\/uploads\/2022\/04\/pic-1024x1024.png 1024w, https:\/\/orientstar.uz\/wp-content\/uploads\/2022\/04\/pic-150x150.png 150w, https:\/\/orientstar.uz\/wp-content\/uploads\/2022\/04\/pic-768x768.png 768w, https:\/\/orientstar.uz\/wp-content\/uploads\/2022\/04\/pic-1536x1536.png 1536w, https:\/\/orientstar.uz\/wp-content\/uploads\/2022\/04\/pic-2048x2048.png 2048w, https:\/\/orientstar.uz\/wp-content\/uploads\/2022\/04\/pic-75x75.png 75w, https:\/\/orientstar.uz\/wp-content\/uploads\/2022\/04\/pic-600x600.png 600w, https:\/\/orientstar.uz\/wp-content\/uploads\/2022\/04\/pic-100x100.png 100w, https:\/\/orientstar.uz\/wp-content\/uploads\/2022\/04\/pic-60x60.png 60w, https:\/\/orientstar.uz\/wp-content\/uploads\/2022\/04\/pic.png 180w' class='avatar avatar-30 photo' height='30' width='30' \/>                                                        Sodik Begmatov                                                    <\/a>\r\n                                                <\/li>\r\n                                                <li>\r\n                                                    19 diciembre 2023                                                <\/li>\r\n\r\n                                            <\/ul>\r\n                                        <\/div>\r\n                                    <\/div>\r\n                                <\/div>\r\n\r\n                            <\/div>\r\n                        <\/div>\r\n                    <\/div>\r\n                                        <div class=\"swiper-slide\">\r\n                                                <div class=\"services-item grid item-elementor\">\r\n                            <div class=\"item service-border-lib border-radius-10\">\r\n                                <div class=\"featured-image\">\r\n                                                                            <div class=\"cate category-color\">\r\n                                            <ul>\r\n                                                <li ><a href=\"https:\/\/orientstar.uz\/es\/category\/stays-es\/\" style=\"color:#fff\"><span style=\"color:#fff\"><\/span>ESTANCIAS<\/a><\/li>                                            <\/ul>\r\n                                        <\/div>\r\n                                                                            <a href=\"https:\/\/orientstar.uz\/es\/tiptoe-through-the-tulips-of-washington\/\">\r\n                                        <img decoding=\"async\" itemprop=\"photo\" src=\"https:\/\/orientstar.uz\/wp-content\/uploads\/2023\/12\/d42163b7-d706-415b-80ad-16bd9b2a5670-450x300.webp\" alt=\"UZBEKISTAN IS THE CAPITAL OF THE GREAT SILK ROAD\" class=\"img-fluid st-hover-grow\" \/>\r\n                                    <\/a>\r\n                                                                        <div class=\"content-item\">\r\n\r\n                                        <h3 class=\"title\" itemprop=\"name\">\r\n                                            <a href=\"https:\/\/orientstar.uz\/es\/tiptoe-through-the-tulips-of-washington\/\">UZBEKISTAN IS THE CAPITAL OF THE GREAT SILK ROAD<\/a>\r\n                                        <\/h3>\r\n\r\n                                        <div class=\"meta\">\r\n                                            <ul>\r\n                                                <li>\r\n                                                    <a href=\"https:\/\/orientstar.uz\/es\/author\/maliko\/\">\r\n                                                        <img alt='UZBEKISTAN IS THE CAPITAL OF THE GREAT SILK ROAD' src='https:\/\/orientstar.uz\/wp-content\/uploads\/2022\/04\/pic-300x300.png' srcset='https:\/\/orientstar.uz\/wp-content\/uploads\/2022\/04\/pic-300x300.png 300w, https:\/\/orientstar.uz\/wp-content\/uploads\/2022\/04\/pic-1024x1024.png 1024w, https:\/\/orientstar.uz\/wp-content\/uploads\/2022\/04\/pic-150x150.png 150w, https:\/\/orientstar.uz\/wp-content\/uploads\/2022\/04\/pic-768x768.png 768w, https:\/\/orientstar.uz\/wp-content\/uploads\/2022\/04\/pic-1536x1536.png 1536w, https:\/\/orientstar.uz\/wp-content\/uploads\/2022\/04\/pic-2048x2048.png 2048w, https:\/\/orientstar.uz\/wp-content\/uploads\/2022\/04\/pic-75x75.png 75w, https:\/\/orientstar.uz\/wp-content\/uploads\/2022\/04\/pic-600x600.png 600w, https:\/\/orientstar.uz\/wp-content\/uploads\/2022\/04\/pic-100x100.png 100w, https:\/\/orientstar.uz\/wp-content\/uploads\/2022\/04\/pic-60x60.png 60w, https:\/\/orientstar.uz\/wp-content\/uploads\/2022\/04\/pic.png 180w' class='avatar avatar-30 photo' height='30' width='30' \/>                                                        Sodik Begmatov                                                    <\/a>\r\n                                                <\/li>\r\n                                                <li>\r\n                                                    6 septiembre 2020                                                <\/li>\r\n\r\n                                            <\/ul>\r\n                                        <\/div>\r\n                                    <\/div>\r\n                                <\/div>\r\n\r\n                            <\/div>\r\n                        <\/div>\r\n                    <\/div>\r\n                                        <div class=\"swiper-slide\">\r\n                                                <div class=\"services-item grid item-elementor\">\r\n                            <div class=\"item service-border-lib border-radius-10\">\r\n                                <div class=\"featured-image\">\r\n                                                                        <a href=\"https:\/\/orientstar.uz\/es\/uzbekistan-top-10-places-to-visit-silk-road\/\">\r\n                                        <img decoding=\"async\" itemprop=\"photo\" src=\"https:\/\/orientstar.uz\/wp-content\/uploads\/2023\/08\/1-2-450x300.jpg\" alt=\"UZBEKISTAN \u2013 TOP 10 PLACES TO VISIT\u00a0SILK ROAD\" class=\"img-fluid st-hover-grow\" \/>\r\n                                    <\/a>\r\n                                                                        <div class=\"content-item\">\r\n\r\n                                        <h3 class=\"title\" itemprop=\"name\">\r\n                                            <a href=\"https:\/\/orientstar.uz\/es\/uzbekistan-top-10-places-to-visit-silk-road\/\">UZBEKISTAN \u2013 TOP 10 PLACES TO VISIT\u00a0SILK ROAD<\/a>\r\n                                        <\/h3>\r\n\r\n                                        <div class=\"meta\">\r\n                                            <ul>\r\n                                                <li>\r\n                                                    <a href=\"https:\/\/orientstar.uz\/es\/author\/isamatov\/\">\r\n                                                        <img alt='UZBEKISTAN \u2013 TOP 10 PLACES TO VISIT\u00a0SILK ROAD' src='https:\/\/orientstar.uz\/wp-content\/uploads\/2023\/11\/01-300x300.jpg' srcset='https:\/\/orientstar.uz\/wp-content\/uploads\/2023\/11\/01-300x300.jpg 300w, https:\/\/orientstar.uz\/wp-content\/uploads\/2023\/11\/01-1024x1024.jpg 1024w, https:\/\/orientstar.uz\/wp-content\/uploads\/2023\/11\/01-150x150.jpg 150w, https:\/\/orientstar.uz\/wp-content\/uploads\/2023\/11\/01-1536x1536.jpg 1536w, https:\/\/orientstar.uz\/wp-content\/uploads\/2023\/11\/01-2048x2048.jpg 2048w, https:\/\/orientstar.uz\/wp-content\/uploads\/2023\/11\/01-75x75.jpg 75w, https:\/\/orientstar.uz\/wp-content\/uploads\/2023\/11\/01-100x100.jpg 100w' class='avatar avatar-30 photo' height='30' width='30' \/>                                                        Soyib Isamatov                                                    <\/a>\r\n                                                <\/li>\r\n                                                <li>\r\n                                                    12 enero 2023                                                <\/li>\r\n\r\n                                            <\/ul>\r\n                                        <\/div>\r\n                                    <\/div>\r\n                                <\/div>\r\n\r\n                            <\/div>\r\n                        <\/div>\r\n                    <\/div>\r\n                                        <div class=\"swiper-slide\">\r\n                                                <div class=\"services-item grid item-elementor\">\r\n                            <div class=\"item service-border-lib border-radius-10\">\r\n                                <div class=\"featured-image\">\r\n                                                                            <div class=\"cate category-color\">\r\n                                            <ul>\r\n                                                <li ><a href=\"https:\/\/orientstar.uz\/es\/category\/uzbek-folklore\/\" style=\"color:#fff\"><span style=\"color:#fff\"><\/span>UZBEK FOLKLORE<\/a><\/li>                                            <\/ul>\r\n                                        <\/div>\r\n                                                                            <a href=\"https:\/\/orientstar.uz\/es\/uzbek-national-clothes\/\">\r\n                                        <img decoding=\"async\" itemprop=\"photo\" src=\"https:\/\/orientstar.uz\/wp-content\/uploads\/2023\/08\/4-450x300.jpg\" alt=\"UZBEK NATIONAL CLOTHES\" class=\"img-fluid st-hover-grow\" \/>\r\n                                    <\/a>\r\n                                                                        <div class=\"content-item\">\r\n\r\n                                        <h3 class=\"title\" itemprop=\"name\">\r\n                                            <a href=\"https:\/\/orientstar.uz\/es\/uzbek-national-clothes\/\">UZBEK NATIONAL CLOTHES<\/a>\r\n                                        <\/h3>\r\n\r\n                                        <div class=\"meta\">\r\n                                            <ul>\r\n                                                <li>\r\n                                                    <a href=\"https:\/\/orientstar.uz\/es\/author\/isamatov\/\">\r\n                                                        <img alt='UZBEK NATIONAL CLOTHES' src='https:\/\/orientstar.uz\/wp-content\/uploads\/2023\/11\/01-300x300.jpg' srcset='https:\/\/orientstar.uz\/wp-content\/uploads\/2023\/11\/01-300x300.jpg 300w, https:\/\/orientstar.uz\/wp-content\/uploads\/2023\/11\/01-1024x1024.jpg 1024w, https:\/\/orientstar.uz\/wp-content\/uploads\/2023\/11\/01-150x150.jpg 150w, https:\/\/orientstar.uz\/wp-content\/uploads\/2023\/11\/01-1536x1536.jpg 1536w, https:\/\/orientstar.uz\/wp-content\/uploads\/2023\/11\/01-2048x2048.jpg 2048w, https:\/\/orientstar.uz\/wp-content\/uploads\/2023\/11\/01-75x75.jpg 75w, https:\/\/orientstar.uz\/wp-content\/uploads\/2023\/11\/01-100x100.jpg 100w' class='avatar avatar-30 photo' height='30' width='30' \/>                                                        Soyib Isamatov                                                    <\/a>\r\n                                                <\/li>\r\n                                                <li>\r\n                                                    30 enero 2023                                                <\/li>\r\n\r\n                                            <\/ul>\r\n                                        <\/div>\r\n                                    <\/div>\r\n                                <\/div>\r\n\r\n                            <\/div>\r\n                        <\/div>\r\n                    <\/div>\r\n                                        <div class=\"swiper-slide\">\r\n                                                <div class=\"services-item grid item-elementor\">\r\n                            <div class=\"item service-border-lib border-radius-10\">\r\n                                <div class=\"featured-image\">\r\n                                                                        <a href=\"https:\/\/orientstar.uz\/es\/unforgettable-fam-trip-in-uzbekistan-the-invitation-from-orient-star-group\/\">\r\n                                        <img decoding=\"async\" itemprop=\"photo\" src=\"https:\/\/orientstar.uz\/wp-content\/uploads\/2023\/08\/fam-450x300.jpg\" alt=\"Unforgettable FAM Trip in Uzbekistan: The Invitation from Orient Star Group\" class=\"img-fluid st-hover-grow\" \/>\r\n                                    <\/a>\r\n                                                                        <div class=\"content-item\">\r\n\r\n                                        <h3 class=\"title\" itemprop=\"name\">\r\n                                            <a href=\"https:\/\/orientstar.uz\/es\/unforgettable-fam-trip-in-uzbekistan-the-invitation-from-orient-star-group\/\">Unforgettable FAM Trip in Uzbekistan: The Invitation from Orient Star Group<\/a>\r\n                                        <\/h3>\r\n\r\n                                        <div class=\"meta\">\r\n                                            <ul>\r\n                                                <li>\r\n                                                    <a href=\"https:\/\/orientstar.uz\/es\/author\/maliko\/\">\r\n                                                        <img alt='Unforgettable FAM Trip in Uzbekistan: The Invitation from Orient Star Group' src='https:\/\/orientstar.uz\/wp-content\/uploads\/2022\/04\/pic-300x300.png' srcset='https:\/\/orientstar.uz\/wp-content\/uploads\/2022\/04\/pic-300x300.png 300w, https:\/\/orientstar.uz\/wp-content\/uploads\/2022\/04\/pic-1024x1024.png 1024w, https:\/\/orientstar.uz\/wp-content\/uploads\/2022\/04\/pic-150x150.png 150w, https:\/\/orientstar.uz\/wp-content\/uploads\/2022\/04\/pic-768x768.png 768w, https:\/\/orientstar.uz\/wp-content\/uploads\/2022\/04\/pic-1536x1536.png 1536w, https:\/\/orientstar.uz\/wp-content\/uploads\/2022\/04\/pic-2048x2048.png 2048w, https:\/\/orientstar.uz\/wp-content\/uploads\/2022\/04\/pic-75x75.png 75w, https:\/\/orientstar.uz\/wp-content\/uploads\/2022\/04\/pic-600x600.png 600w, https:\/\/orientstar.uz\/wp-content\/uploads\/2022\/04\/pic-100x100.png 100w, https:\/\/orientstar.uz\/wp-content\/uploads\/2022\/04\/pic-60x60.png 60w, https:\/\/orientstar.uz\/wp-content\/uploads\/2022\/04\/pic.png 180w' class='avatar avatar-30 photo' height='30' width='30' \/>                                                        Sodik Begmatov                                                    <\/a>\r\n                                                <\/li>\r\n                                                <li>\r\n                                                    16 agosto 2023                                                <\/li>\r\n\r\n                                            <\/ul>\r\n                                        <\/div>\r\n                                    <\/div>\r\n                                <\/div>\r\n\r\n                            <\/div>\r\n                        <\/div>\r\n                    <\/div>\r\n                                        <div class=\"swiper-slide\">\r\n                                                <div class=\"services-item grid item-elementor\">\r\n                            <div class=\"item service-border-lib border-radius-10\">\r\n                                <div class=\"featured-image\">\r\n                                                                        <a href=\"https:\/\/orientstar.uz\/es\/la-belleza-de-la-ceramica-uzbeka\/\">\r\n                                        <img decoding=\"async\" itemprop=\"photo\" src=\"https:\/\/orientstar.uz\/wp-content\/uploads\/2023\/08\/3-1-450x300.jpg\" alt=\"LA BELLEZA DE LA CER\u00c1MICA UZBEKA.\" class=\"img-fluid st-hover-grow\" \/>\r\n                                    <\/a>\r\n                                                                        <div class=\"content-item\">\r\n\r\n                                        <h3 class=\"title\" itemprop=\"name\">\r\n                                            <a href=\"https:\/\/orientstar.uz\/es\/la-belleza-de-la-ceramica-uzbeka\/\">LA BELLEZA DE LA CER\u00c1MICA UZBEKA.<\/a>\r\n                                        <\/h3>\r\n\r\n                                        <div class=\"meta\">\r\n                                            <ul>\r\n                                                <li>\r\n                                                    <a href=\"https:\/\/orientstar.uz\/es\/author\/eldor\/\">\r\n                                                        <img alt='LA BELLEZA DE LA CER\u00c1MICA UZBEKA.' src='https:\/\/secure.gravatar.com\/avatar\/5792025d54baf9ea8de29f77be71ff2d71683f07fac68ffaf29fa6af35909745?s=30&#038;d=mm&#038;r=g' srcset='https:\/\/secure.gravatar.com\/avatar\/5792025d54baf9ea8de29f77be71ff2d71683f07fac68ffaf29fa6af35909745?s=60&#038;d=mm&#038;r=g 2x' class='avatar avatar-30 photo' height='30' width='30' \/>                                                        Eldor                                                    <\/a>\r\n                                                <\/li>\r\n                                                <li>\r\n                                                    16 agosto 2023                                                <\/li>\r\n\r\n                                            <\/ul>\r\n                                        <\/div>\r\n                                    <\/div>\r\n                                <\/div>\r\n\r\n                            <\/div>\r\n                        <\/div>\r\n                    <\/div>\r\n                                        <div class=\"swiper-slide\">\r\n                                                <div class=\"services-item grid item-elementor\">\r\n                            <div class=\"item service-border-lib border-radius-10\">\r\n                                <div class=\"featured-image\">\r\n                                                                            <div class=\"cate category-color\">\r\n                                            <ul>\r\n                                                <li ><a href=\"https:\/\/orientstar.uz\/es\/category\/articulos\/\" style=\"color:#fff\"><span style=\"color:#fff\"><\/span>ART\u00cdCULOS<\/a><\/li>                                            <\/ul>\r\n                                        <\/div>\r\n                                                                            <a href=\"https:\/\/orientstar.uz\/es\/la-rica-tradicion-del-tejido-en-uzbekistan\/\">\r\n                                        <img decoding=\"async\" itemprop=\"photo\" src=\"https:\/\/orientstar.uz\/wp-content\/uploads\/2023\/08\/2-1-450x300.jpg\" alt=\"LA RICA TRADICI\u00d3N DEL TEJIDO EN UZBEKIST\u00c1N!\" class=\"img-fluid st-hover-grow\" \/>\r\n                                    <\/a>\r\n                                                                        <div class=\"content-item\">\r\n\r\n                                        <h3 class=\"title\" itemprop=\"name\">\r\n                                            <a href=\"https:\/\/orientstar.uz\/es\/la-rica-tradicion-del-tejido-en-uzbekistan\/\">LA RICA TRADICI\u00d3N DEL TEJIDO EN UZBEKIST\u00c1N!<\/a>\r\n                                        <\/h3>\r\n\r\n                                        <div class=\"meta\">\r\n                                            <ul>\r\n                                                <li>\r\n                                                    <a href=\"https:\/\/orientstar.uz\/es\/author\/eldor\/\">\r\n                                                        <img alt='LA RICA TRADICI\u00d3N DEL TEJIDO EN UZBEKIST\u00c1N!' src='https:\/\/secure.gravatar.com\/avatar\/5792025d54baf9ea8de29f77be71ff2d71683f07fac68ffaf29fa6af35909745?s=30&#038;d=mm&#038;r=g' srcset='https:\/\/secure.gravatar.com\/avatar\/5792025d54baf9ea8de29f77be71ff2d71683f07fac68ffaf29fa6af35909745?s=60&#038;d=mm&#038;r=g 2x' class='avatar avatar-30 photo' height='30' width='30' \/>                                                        Eldor                                                    <\/a>\r\n                                                <\/li>\r\n                                                <li>\r\n                                                    16 agosto 2023                                                <\/li>\r\n\r\n                                            <\/ul>\r\n                                        <\/div>\r\n                                    <\/div>\r\n                                <\/div>\r\n\r\n                            <\/div>\r\n                        <\/div>\r\n                    <\/div>\r\n                                        <div class=\"swiper-slide\">\r\n                                                <div class=\"services-item grid item-elementor\">\r\n                            <div class=\"item service-border-lib border-radius-10\">\r\n                                <div class=\"featured-image\">\r\n                                                                            <div class=\"cate category-color\">\r\n                                            <ul>\r\n                                                <li ><a href=\"https:\/\/orientstar.uz\/es\/category\/articulos\/\" style=\"color:#fff\"><span style=\"color:#fff\"><\/span>ART\u00cdCULOS<\/a><\/li>                                            <\/ul>\r\n                                        <\/div>\r\n                                                                            <a href=\"https:\/\/orientstar.uz\/es\/feria-de-turismo-iftm-2023-paris-francia\/\">\r\n                                        <img decoding=\"async\" itemprop=\"photo\" src=\"https:\/\/orientstar.uz\/wp-content\/uploads\/2023\/11\/IMG_8303-450x300.jpg\" alt=\"FERIA DE TURISMO IFTM 2023, PAR\u00cdS, FRANCIA\" class=\"img-fluid st-hover-grow\" \/>\r\n                                    <\/a>\r\n                                                                        <div class=\"content-item\">\r\n\r\n                                        <h3 class=\"title\" itemprop=\"name\">\r\n                                            <a href=\"https:\/\/orientstar.uz\/es\/feria-de-turismo-iftm-2023-paris-francia\/\">FERIA DE TURISMO IFTM 2023, PAR\u00cdS, FRANCIA<\/a>\r\n                                        <\/h3>\r\n\r\n                                        <div class=\"meta\">\r\n                                            <ul>\r\n                                                <li>\r\n                                                    <a href=\"https:\/\/orientstar.uz\/es\/author\/madina\/\">\r\n                                                        <img alt='FERIA DE TURISMO IFTM 2023, PAR\u00cdS, FRANCIA' src='https:\/\/secure.gravatar.com\/avatar\/d7477943030d3c5651cf37ca53bb0827d957c194bf8e412640447f713ddc6975?s=30&#038;d=mm&#038;r=g' srcset='https:\/\/secure.gravatar.com\/avatar\/d7477943030d3c5651cf37ca53bb0827d957c194bf8e412640447f713ddc6975?s=60&#038;d=mm&#038;r=g 2x' class='avatar avatar-30 photo' height='30' width='30' \/>                                                        Madina Irgasheva                                                    <\/a>\r\n                                                <\/li>\r\n                                                <li>\r\n                                                    28 octubre 2023                                                <\/li>\r\n\r\n                                            <\/ul>\r\n                                        <\/div>\r\n                                    <\/div>\r\n                                <\/div>\r\n\r\n                            <\/div>\r\n                        <\/div>\r\n                    <\/div>\r\n                                <\/div>\r\n                            <div class=\"swiper-pagination\"><\/div>\r\n                    <\/div>\r\n                    <div class=\"st-button-prev\"><span class=\"stt-icon stt-icon-arrow-left\"><\/span><\/div>\r\n            <div class=\"st-button-next\"><span class=\"stt-icon stt-icon-arrow-right\"><\/span><\/div>\r\n        \r\n    <\/div>\r\n\t\t\t\t<\/div>\n\t\t\t\t<\/div>\n\t\t\t\t\t<\/div>\n\t\t\t\t<\/div>\n\t\t\t\t<\/div>\n\t\t","protected":false},"excerpt":{"rendered":"<p>Preguntas Frecuentes Prep\u00e1rate bien antes de viajar \u00bfCu\u00e1ntos d\u00edas antes de la salida se cierran todos los grupos? Cerramos todos los grupos 25 d\u00edas antes de la salida. En caso de reservas de \u00faltima hora, se recomienda consultar la disponibilidad en hoteles, vuelos dom\u00e9sticos y trenes. \u00bfQu\u00e9 sucede si los hoteles mencionados en el programa [&hellip;]<\/p>\n","protected":false},"author":1,"featured_media":0,"parent":0,"menu_order":0,"comment_status":"closed","ping_status":"closed","template":"elementor_header_footer","meta":{"footnotes":""},"class_list":["post-33255","page","type-page","status-publish","has-post-thumbnail","hentry"],"_links":{"self":[{"href":"https:\/\/orientstar.uz\/es\/wp-json\/wp\/v2\/pages\/33255","targetHints":{"allow":["GET"]}}],"collection":[{"href":"https:\/\/orientstar.uz\/es\/wp-json\/wp\/v2\/pages"}],"about":[{"href":"https:\/\/orientstar.uz\/es\/wp-json\/wp\/v2\/types\/page"}],"author":[{"embeddable":true,"href":"https:\/\/orientstar.uz\/es\/wp-json\/wp\/v2\/users\/1"}],"replies":[{"embeddable":true,"href":"https:\/\/orientstar.uz\/es\/wp-json\/wp\/v2\/comments?post=33255"}],"version-history":[{"count":0,"href":"https:\/\/orientstar.uz\/es\/wp-json\/wp\/v2\/pages\/33255\/revisions"}],"wp:attachment":[{"href":"https:\/\/orientstar.uz\/es\/wp-json\/wp\/v2\/media?parent=33255"}],"curies":[{"name":"wp","href":"https:\/\/api.w.org\/{rel}","templated":true}]}}