{"id":33291,"date":"2023-12-04T17:14:55","date_gmt":"2023-12-04T12:14:55","guid":{"rendered":"https:\/\/orientstar.uz\/faq-2\/"},"modified":"2023-12-13T17:29:01","modified_gmt":"2023-12-13T12:29:01","slug":"faq-2","status":"publish","type":"page","link":"https:\/\/orientstar.uz\/fr\/faq-2\/","title":{"rendered":"FAQ"},"content":{"rendered":"\t\t<div data-elementor-type=\"wp-page\" data-elementor-id=\"33291\" class=\"elementor elementor-33291 elementor-33081\" data-elementor-post-type=\"page\">\n\t\t\t\t<div class=\"elementor-element elementor-element-1c6d19e5 animated-slow e-flex e-con-boxed e-con e-parent\" data-id=\"1c6d19e5\" data-element_type=\"container\" data-e-type=\"container\" data-settings=\"{&quot;background_background&quot;:&quot;classic&quot;,&quot;animation&quot;:&quot;none&quot;,&quot;animation_delay&quot;:0}\">\n\t\t\t\t\t<div class=\"e-con-inner\">\n\t\t\t\t<div class=\"elementor-element elementor-element-28be3e13 elementor-invisible elementor-widget elementor-widget-heading\" data-id=\"28be3e13\" data-element_type=\"widget\" data-e-type=\"widget\" data-settings=\"{&quot;_animation&quot;:&quot;fadeInDown&quot;,&quot;_animation_delay&quot;:0}\" data-widget_type=\"heading.default\">\n\t\t\t\t\t<h2 class=\"elementor-heading-title elementor-size-default\">FAQ<\/h2>\t\t\t\t<\/div>\n\t\t\t\t\t<\/div>\n\t\t\t\t<\/div>\n\t\t<div class=\"elementor-element elementor-element-4e57fe56 animated-slow e-flex e-con-boxed elementor-invisible e-con e-parent\" data-id=\"4e57fe56\" data-element_type=\"container\" data-e-type=\"container\" data-settings=\"{&quot;animation&quot;:&quot;fadeIn&quot;,&quot;animation_delay&quot;:0,&quot;background_background&quot;:&quot;classic&quot;}\">\n\t\t\t\t\t<div class=\"e-con-inner\">\n\t\t\t\t<div class=\"elementor-element elementor-element-5c8587dd elementor-widget__width-initial elementor-invisible elementor-widget elementor-widget-heading\" data-id=\"5c8587dd\" data-element_type=\"widget\" data-e-type=\"widget\" data-settings=\"{&quot;_animation&quot;:&quot;fadeInUp&quot;}\" data-widget_type=\"heading.default\">\n\t\t\t\t\t<h2 class=\"elementor-heading-title elementor-size-default\">Les questions fr\u00e9quentes<\/h2>\t\t\t\t<\/div>\n\t\t\t\t\t<\/div>\n\t\t\t\t<\/div>\n\t\t\t\t<section class=\"elementor-section elementor-inner-section elementor-element elementor-element-6c293fc1 elementor-section-boxed elementor-section-height-default elementor-section-height-default\" data-id=\"6c293fc1\" data-element_type=\"section\" data-e-type=\"section\" data-settings=\"{&quot;background_background&quot;:&quot;classic&quot;}\">\n\t\t\t\t\t\t<div class=\"elementor-container elementor-column-gap-default\">\n\t\t\t\t\t<div class=\"elementor-column elementor-col-50 elementor-inner-column elementor-element elementor-element-45a1a6f4\" data-id=\"45a1a6f4\" data-element_type=\"column\" data-e-type=\"column\">\n\t\t\t<div class=\"elementor-widget-wrap elementor-element-populated\">\n\t\t\t\t\t\t<div class=\"elementor-element elementor-element-68a3335e elementor-widget elementor-widget-st_faq\" data-id=\"68a3335e\" data-element_type=\"widget\" data-e-type=\"widget\" data-widget_type=\"st_faq.default\">\n\t\t\t\t<div class=\"elementor-widget-container\">\n\t\t\t\t\t<div class=\"accordion faq style1\" id=\"accordion_combien-de-jours-avant-le-d\u00e9part-tous-les-groupes-ferment-ils\">\r\n    <div class=\"accordion-item\">\r\n        <h2 class=\"accordion-header\" id=\"heading_combien-de-jours-avant-le-d\u00e9part-tous-les-groupes-ferment-ils\">\r\n            <button class=\"accordion-button   collapsed\"\r\n                type=\"button\"\r\n                data-bs-toggle=\"collapse\"\r\n                data-bs-target=\"#st-combien-de-jours-avant-le-d\u00e9part-tous-les-groupes-ferment-ils\"\r\n                aria-expanded=\"false\"\r\n                aria-controls=\"combien-de-jours-avant-le-d\u00e9part-tous-les-groupes-ferment-ils\"\r\n            >\r\n                Combien de jours avant le d\u00e9part tous les groupes ferment-ils ?            <\/button>\r\n        <\/h2>\r\n        <div id=\"st-combien-de-jours-avant-le-d\u00e9part-tous-les-groupes-ferment-ils\" class=\"accordion-collapse collapse \"\r\n            aria-labelledby=\"heading_combien-de-jours-avant-le-d\u00e9part-tous-les-groupes-ferment-ils\"\r\n            data-bs-parent=\"#accordion_combien-de-jours-avant-le-d\u00e9part-tous-les-groupes-ferment-ils\"\r\n        >\r\n            <div class=\"accordion-body\">\r\n                Nous fermons tous les groupes 25 jours avant le d\u00e9part. En cas de r\u00e9servation de derni\u00e8re minute, il est toujours conseill\u00e9 de v\u00e9rifier la disponibilit\u00e9 des h\u00f4tels, des vols domestiques et des trains.            <\/div>\r\n        <\/div>\r\n    <\/div>\r\n<\/div>\r\n\t\t\t\t<\/div>\n\t\t\t\t<\/div>\n\t\t\t\t<div class=\"elementor-element elementor-element-3fc18196 elementor-widget elementor-widget-st_faq\" data-id=\"3fc18196\" data-element_type=\"widget\" data-e-type=\"widget\" data-widget_type=\"st_faq.default\">\n\t\t\t\t<div class=\"elementor-widget-container\">\n\t\t\t\t\t<div class=\"accordion faq style1\" id=\"accordion_que-se-passe-t-il-si-les-h\u00f4tels-mentionn\u00e9s-dans-le-programme-ne-sont-pas-disponibles-\u00e0-la-date-de-r\u00e9servation\">\r\n    <div class=\"accordion-item\">\r\n        <h2 class=\"accordion-header\" id=\"heading_que-se-passe-t-il-si-les-h\u00f4tels-mentionn\u00e9s-dans-le-programme-ne-sont-pas-disponibles-\u00e0-la-date-de-r\u00e9servation\">\r\n            <button class=\"accordion-button   collapsed\"\r\n                type=\"button\"\r\n                data-bs-toggle=\"collapse\"\r\n                data-bs-target=\"#st-que-se-passe-t-il-si-les-h\u00f4tels-mentionn\u00e9s-dans-le-programme-ne-sont-pas-disponibles-\u00e0-la-date-de-r\u00e9servation\"\r\n                aria-expanded=\"false\"\r\n                aria-controls=\"que-se-passe-t-il-si-les-h\u00f4tels-mentionn\u00e9s-dans-le-programme-ne-sont-pas-disponibles-\u00e0-la-date-de-r\u00e9servation\"\r\n            >\r\n                Que se passe-t-il si les h\u00f4tels mentionn\u00e9s dans le programme ne sont pas disponibles \u00e0 la date de r\u00e9servation ?            <\/button>\r\n        <\/h2>\r\n        <div id=\"st-que-se-passe-t-il-si-les-h\u00f4tels-mentionn\u00e9s-dans-le-programme-ne-sont-pas-disponibles-\u00e0-la-date-de-r\u00e9servation\" class=\"accordion-collapse collapse \"\r\n            aria-labelledby=\"heading_que-se-passe-t-il-si-les-h\u00f4tels-mentionn\u00e9s-dans-le-programme-ne-sont-pas-disponibles-\u00e0-la-date-de-r\u00e9servation\"\r\n            data-bs-parent=\"#accordion_que-se-passe-t-il-si-les-h\u00f4tels-mentionn\u00e9s-dans-le-programme-ne-sont-pas-disponibles-\u00e0-la-date-de-r\u00e9servation\"\r\n        >\r\n            <div class=\"accordion-body\">\r\n                Si les h\u00f4tels indiqu\u00e9s dans le programme ne sont pas disponibles \u00e0 la date de r\u00e9servation, d&#039;autres h\u00f4tels de la m\u00eame cat\u00e9gorie seront r\u00e9serv\u00e9s en fonction des disponibilit\u00e9s.            <\/div>\r\n        <\/div>\r\n    <\/div>\r\n<\/div>\r\n\t\t\t\t<\/div>\n\t\t\t\t<\/div>\n\t\t\t\t<div class=\"elementor-element elementor-element-355b7331 elementor-widget elementor-widget-st_faq\" data-id=\"355b7331\" data-element_type=\"widget\" data-e-type=\"widget\" data-widget_type=\"st_faq.default\">\n\t\t\t\t<div class=\"elementor-widget-container\">\n\t\t\t\t\t<div class=\"accordion faq style1\" id=\"accordion_quelle-est-la-proc\u00e9dure-obligatoire-lors-de-l-enregistrement-dans-un-nouvel-h\u00f4tel\">\r\n    <div class=\"accordion-item\">\r\n        <h2 class=\"accordion-header\" id=\"heading_quelle-est-la-proc\u00e9dure-obligatoire-lors-de-l-enregistrement-dans-un-nouvel-h\u00f4tel\">\r\n            <button class=\"accordion-button   collapsed\"\r\n                type=\"button\"\r\n                data-bs-toggle=\"collapse\"\r\n                data-bs-target=\"#st-quelle-est-la-proc\u00e9dure-obligatoire-lors-de-l-enregistrement-dans-un-nouvel-h\u00f4tel\"\r\n                aria-expanded=\"false\"\r\n                aria-controls=\"quelle-est-la-proc\u00e9dure-obligatoire-lors-de-l-enregistrement-dans-un-nouvel-h\u00f4tel\"\r\n            >\r\n                Quelle est la proc\u00e9dure obligatoire lors de l&#039;enregistrement dans un nouvel h\u00f4tel ?            <\/button>\r\n        <\/h2>\r\n        <div id=\"st-quelle-est-la-proc\u00e9dure-obligatoire-lors-de-l-enregistrement-dans-un-nouvel-h\u00f4tel\" class=\"accordion-collapse collapse \"\r\n            aria-labelledby=\"heading_quelle-est-la-proc\u00e9dure-obligatoire-lors-de-l-enregistrement-dans-un-nouvel-h\u00f4tel\"\r\n            data-bs-parent=\"#accordion_quelle-est-la-proc\u00e9dure-obligatoire-lors-de-l-enregistrement-dans-un-nouvel-h\u00f4tel\"\r\n        >\r\n            <div class=\"accordion-body\">\r\n                Lorsque vous arrivez dans un h\u00f4tel pour la premi\u00e8re fois (\u00e0 chaque fois que vous vous rendez dans une nouvelle destination), vous devez obligatoirement pr\u00e9senter votre passeport \u00e0 la r\u00e9ception. Sans pr\u00e9sentation de votre passeport, m\u00eame si l&#039;h\u00f4tel est pr\u00e9pay\u00e9, vous pouvez vous avoir un refus \u00e0 l&#039;acc\u00e8s \u00e0 votre chambre.            <\/div>\r\n        <\/div>\r\n    <\/div>\r\n<\/div>\r\n\t\t\t\t<\/div>\n\t\t\t\t<\/div>\n\t\t\t\t<div class=\"elementor-element elementor-element-e7f3b08 elementor-widget elementor-widget-st_faq\" data-id=\"e7f3b08\" data-element_type=\"widget\" data-e-type=\"widget\" data-widget_type=\"st_faq.default\">\n\t\t\t\t<div class=\"elementor-widget-container\">\n\t\t\t\t\t<div class=\"accordion faq style1\" id=\"accordion_\u00e0-quoi-fait-r\u00e9f\u00e9rence-la-possibilit\u00e9-de-modifier-les-horaires-et-les-jours-de-circulation-des-trains\">\r\n    <div class=\"accordion-item\">\r\n        <h2 class=\"accordion-header\" id=\"heading_\u00e0-quoi-fait-r\u00e9f\u00e9rence-la-possibilit\u00e9-de-modifier-les-horaires-et-les-jours-de-circulation-des-trains\">\r\n            <button class=\"accordion-button   collapsed\"\r\n                type=\"button\"\r\n                data-bs-toggle=\"collapse\"\r\n                data-bs-target=\"#st-\u00e0-quoi-fait-r\u00e9f\u00e9rence-la-possibilit\u00e9-de-modifier-les-horaires-et-les-jours-de-circulation-des-trains\"\r\n                aria-expanded=\"false\"\r\n                aria-controls=\"\u00e0-quoi-fait-r\u00e9f\u00e9rence-la-possibilit\u00e9-de-modifier-les-horaires-et-les-jours-de-circulation-des-trains\"\r\n            >\r\n                \u00c0 quoi fait r\u00e9f\u00e9rence la possibilit\u00e9 de modifier les horaires et les jours de circulation des trains ?            <\/button>\r\n        <\/h2>\r\n        <div id=\"st-\u00e0-quoi-fait-r\u00e9f\u00e9rence-la-possibilit\u00e9-de-modifier-les-horaires-et-les-jours-de-circulation-des-trains\" class=\"accordion-collapse collapse \"\r\n            aria-labelledby=\"heading_\u00e0-quoi-fait-r\u00e9f\u00e9rence-la-possibilit\u00e9-de-modifier-les-horaires-et-les-jours-de-circulation-des-trains\"\r\n            data-bs-parent=\"#accordion_\u00e0-quoi-fait-r\u00e9f\u00e9rence-la-possibilit\u00e9-de-modifier-les-horaires-et-les-jours-de-circulation-des-trains\"\r\n        >\r\n            <div class=\"accordion-body\">\r\n                L&#039;itin\u00e9raire est susceptible d&#039;\u00eatre modifi\u00e9 en fonction des changements apport\u00e9s par la compagnie ferroviaire aux horaires et aux jours d&#039;ouverture des trains.            <\/div>\r\n        <\/div>\r\n    <\/div>\r\n<\/div>\r\n\t\t\t\t<\/div>\n\t\t\t\t<\/div>\n\t\t\t\t<div class=\"elementor-element elementor-element-55cd0d78 elementor-widget elementor-widget-st_faq\" data-id=\"55cd0d78\" data-element_type=\"widget\" data-e-type=\"widget\" data-widget_type=\"st_faq.default\">\n\t\t\t\t<div class=\"elementor-widget-container\">\n\t\t\t\t\t<div class=\"accordion faq style1\" id=\"accordion_quelle-est-la-r\u00e9glementation-de-l-ouzb\u00e9kistan-en-termes-de-vaccination-des-voyageurs-contre-le-virus-covid-19\">\r\n    <div class=\"accordion-item\">\r\n        <h2 class=\"accordion-header\" id=\"heading_quelle-est-la-r\u00e9glementation-de-l-ouzb\u00e9kistan-en-termes-de-vaccination-des-voyageurs-contre-le-virus-covid-19\">\r\n            <button class=\"accordion-button   collapsed\"\r\n                type=\"button\"\r\n                data-bs-toggle=\"collapse\"\r\n                data-bs-target=\"#st-quelle-est-la-r\u00e9glementation-de-l-ouzb\u00e9kistan-en-termes-de-vaccination-des-voyageurs-contre-le-virus-covid-19\"\r\n                aria-expanded=\"false\"\r\n                aria-controls=\"quelle-est-la-r\u00e9glementation-de-l-ouzb\u00e9kistan-en-termes-de-vaccination-des-voyageurs-contre-le-virus-covid-19\"\r\n            >\r\n                Quelle est la r\u00e9glementation de l&#039;Ouzb\u00e9kistan en termes de vaccination des voyageurs contre le virus COVID-19 ?            <\/button>\r\n        <\/h2>\r\n        <div id=\"st-quelle-est-la-r\u00e9glementation-de-l-ouzb\u00e9kistan-en-termes-de-vaccination-des-voyageurs-contre-le-virus-covid-19\" class=\"accordion-collapse collapse \"\r\n            aria-labelledby=\"heading_quelle-est-la-r\u00e9glementation-de-l-ouzb\u00e9kistan-en-termes-de-vaccination-des-voyageurs-contre-le-virus-covid-19\"\r\n            data-bs-parent=\"#accordion_quelle-est-la-r\u00e9glementation-de-l-ouzb\u00e9kistan-en-termes-de-vaccination-des-voyageurs-contre-le-virus-covid-19\"\r\n        >\r\n            <div class=\"accordion-body\">\r\n                L&#039;Ouzb\u00e9kistan n&#039;exige pas de vaccin COVID-19 ni de test PCR.            <\/div>\r\n        <\/div>\r\n    <\/div>\r\n<\/div>\r\n\t\t\t\t<\/div>\n\t\t\t\t<\/div>\n\t\t\t\t<div class=\"elementor-element elementor-element-e51d7dd elementor-widget elementor-widget-st_faq\" data-id=\"e51d7dd\" data-element_type=\"widget\" data-e-type=\"widget\" data-widget_type=\"st_faq.default\">\n\t\t\t\t<div class=\"elementor-widget-container\">\n\t\t\t\t\t<div class=\"accordion faq style1\" id=\"accordion_\u00e0-quelle-heure-pr\u00e9cise-les-si\u00e8ges-peuvent-ils-\u00eatre-r\u00e9serv\u00e9s-sur-les-vols-int\u00e9rieurs\">\r\n    <div class=\"accordion-item\">\r\n        <h2 class=\"accordion-header\" id=\"heading_\u00e0-quelle-heure-pr\u00e9cise-les-si\u00e8ges-peuvent-ils-\u00eatre-r\u00e9serv\u00e9s-sur-les-vols-int\u00e9rieurs\">\r\n            <button class=\"accordion-button   collapsed\"\r\n                type=\"button\"\r\n                data-bs-toggle=\"collapse\"\r\n                data-bs-target=\"#st-\u00e0-quelle-heure-pr\u00e9cise-les-si\u00e8ges-peuvent-ils-\u00eatre-r\u00e9serv\u00e9s-sur-les-vols-int\u00e9rieurs\"\r\n                aria-expanded=\"false\"\r\n                aria-controls=\"\u00e0-quelle-heure-pr\u00e9cise-les-si\u00e8ges-peuvent-ils-\u00eatre-r\u00e9serv\u00e9s-sur-les-vols-int\u00e9rieurs\"\r\n            >\r\n                \u00c0 quelle heure pr\u00e9cise les si\u00e8ges peuvent-ils \u00eatre r\u00e9serv\u00e9s sur les vols int\u00e9rieurs ?            <\/button>\r\n        <\/h2>\r\n        <div id=\"st-\u00e0-quelle-heure-pr\u00e9cise-les-si\u00e8ges-peuvent-ils-\u00eatre-r\u00e9serv\u00e9s-sur-les-vols-int\u00e9rieurs\" class=\"accordion-collapse collapse \"\r\n            aria-labelledby=\"heading_\u00e0-quelle-heure-pr\u00e9cise-les-si\u00e8ges-peuvent-ils-\u00eatre-r\u00e9serv\u00e9s-sur-les-vols-int\u00e9rieurs\"\r\n            data-bs-parent=\"#accordion_\u00e0-quelle-heure-pr\u00e9cise-les-si\u00e8ges-peuvent-ils-\u00eatre-r\u00e9serv\u00e9s-sur-les-vols-int\u00e9rieurs\"\r\n        >\r\n            <div class=\"accordion-body\">\r\n                Les si\u00e8ges sur les vols int\u00e9rieurs ne peuvent \u00eatre r\u00e9serv\u00e9s qu&#039;au moment de l&#039;enregistrement du vol et ne peuvent pas \u00eatre r\u00e9serv\u00e9s en ligne.            <\/div>\r\n        <\/div>\r\n    <\/div>\r\n<\/div>\r\n\t\t\t\t<\/div>\n\t\t\t\t<\/div>\n\t\t\t\t<div class=\"elementor-element elementor-element-84a0a11 elementor-widget elementor-widget-st_faq\" data-id=\"84a0a11\" data-element_type=\"widget\" data-e-type=\"widget\" data-widget_type=\"st_faq.default\">\n\t\t\t\t<div class=\"elementor-widget-container\">\n\t\t\t\t\t<div class=\"accordion faq style1\" id=\"accordion_que-faire-en-cas-de-perte-ou-de-retard-des-bagages-pendant-le-voyage\">\r\n    <div class=\"accordion-item\">\r\n        <h2 class=\"accordion-header\" id=\"heading_que-faire-en-cas-de-perte-ou-de-retard-des-bagages-pendant-le-voyage\">\r\n            <button class=\"accordion-button   collapsed\"\r\n                type=\"button\"\r\n                data-bs-toggle=\"collapse\"\r\n                data-bs-target=\"#st-que-faire-en-cas-de-perte-ou-de-retard-des-bagages-pendant-le-voyage\"\r\n                aria-expanded=\"false\"\r\n                aria-controls=\"que-faire-en-cas-de-perte-ou-de-retard-des-bagages-pendant-le-voyage\"\r\n            >\r\n                Que faire en cas de perte ou de retard des bagages pendant le voyage ?            <\/button>\r\n        <\/h2>\r\n        <div id=\"st-que-faire-en-cas-de-perte-ou-de-retard-des-bagages-pendant-le-voyage\" class=\"accordion-collapse collapse \"\r\n            aria-labelledby=\"heading_que-faire-en-cas-de-perte-ou-de-retard-des-bagages-pendant-le-voyage\"\r\n            data-bs-parent=\"#accordion_que-faire-en-cas-de-perte-ou-de-retard-des-bagages-pendant-le-voyage\"\r\n        >\r\n            <div class=\"accordion-body\">\r\n                En cas de perte ou de retard des bagages, vous devez vous rendre \u00e0 l&#039;a\u00e9roport pour les r\u00e9cup\u00e9rer (contrairement \u00e0 ce qui se passe en Europe, o\u00f9 la compagnie a\u00e9rienne les livre \u00e0 l&#039;h\u00f4tel du passager). La r\u00e9cup\u00e9ration des bagages d\u00e9tourn\u00e9s n&#039;est pas incluse dans le prix du voyage.            <\/div>\r\n        <\/div>\r\n    <\/div>\r\n<\/div>\r\n\t\t\t\t<\/div>\n\t\t\t\t<\/div>\n\t\t\t\t<div class=\"elementor-element elementor-element-3bd21eb elementor-widget elementor-widget-st_faq\" data-id=\"3bd21eb\" data-element_type=\"widget\" data-e-type=\"widget\" data-widget_type=\"st_faq.default\">\n\t\t\t\t<div class=\"elementor-widget-container\">\n\t\t\t\t\t<div class=\"accordion faq style1\" id=\"accordion_quelles-sont-les-informations-pertinentes-concernant-le-code-vestimentaire-pour-le-voyage-en-ouzb\u00e9kistan\">\r\n    <div class=\"accordion-item\">\r\n        <h2 class=\"accordion-header\" id=\"heading_quelles-sont-les-informations-pertinentes-concernant-le-code-vestimentaire-pour-le-voyage-en-ouzb\u00e9kistan\">\r\n            <button class=\"accordion-button   collapsed\"\r\n                type=\"button\"\r\n                data-bs-toggle=\"collapse\"\r\n                data-bs-target=\"#st-quelles-sont-les-informations-pertinentes-concernant-le-code-vestimentaire-pour-le-voyage-en-ouzb\u00e9kistan\"\r\n                aria-expanded=\"false\"\r\n                aria-controls=\"quelles-sont-les-informations-pertinentes-concernant-le-code-vestimentaire-pour-le-voyage-en-ouzb\u00e9kistan\"\r\n            >\r\n                Quelles sont les informations pertinentes concernant le code vestimentaire pour le voyage en Ouzb\u00e9kistan?            <\/button>\r\n        <\/h2>\r\n        <div id=\"st-quelles-sont-les-informations-pertinentes-concernant-le-code-vestimentaire-pour-le-voyage-en-ouzb\u00e9kistan\" class=\"accordion-collapse collapse \"\r\n            aria-labelledby=\"heading_quelles-sont-les-informations-pertinentes-concernant-le-code-vestimentaire-pour-le-voyage-en-ouzb\u00e9kistan\"\r\n            data-bs-parent=\"#accordion_quelles-sont-les-informations-pertinentes-concernant-le-code-vestimentaire-pour-le-voyage-en-ouzb\u00e9kistan\"\r\n        >\r\n            <div class=\"accordion-body\">\r\n                En Ouzb\u00e9kistan, en raison de la s\u00e9cularit\u00e9 du gouvernement, il n&#039;y a pas de restrictions vestimentaires. Certains sites religieux peuvent exiger que les femmes se couvrent les \u00e9paules, et il est recommand\u00e9 de pr\u00e9voir un foulard dans le sac \u00e0 dos pour ces occasions. Dans certaines mosqu\u00e9es, il est parfois n\u00e9cessaire d&#039;entrer pieds nus.            <\/div>\r\n        <\/div>\r\n    <\/div>\r\n<\/div>\r\n\t\t\t\t<\/div>\n\t\t\t\t<\/div>\n\t\t\t\t<div class=\"elementor-element elementor-element-7a7e718 elementor-widget elementor-widget-st_faq\" data-id=\"7a7e718\" data-element_type=\"widget\" data-e-type=\"widget\" data-widget_type=\"st_faq.default\">\n\t\t\t\t<div class=\"elementor-widget-container\">\n\t\t\t\t\t<div class=\"accordion faq style1\" id=\"accordion_quelles-sont-les-conditions-sp\u00e9cifiques-d-annulation-des-r\u00e9servations\">\r\n    <div class=\"accordion-item\">\r\n        <h2 class=\"accordion-header\" id=\"heading_quelles-sont-les-conditions-sp\u00e9cifiques-d-annulation-des-r\u00e9servations\">\r\n            <button class=\"accordion-button   collapsed\"\r\n                type=\"button\"\r\n                data-bs-toggle=\"collapse\"\r\n                data-bs-target=\"#st-quelles-sont-les-conditions-sp\u00e9cifiques-d-annulation-des-r\u00e9servations\"\r\n                aria-expanded=\"false\"\r\n                aria-controls=\"quelles-sont-les-conditions-sp\u00e9cifiques-d-annulation-des-r\u00e9servations\"\r\n            >\r\n                Quelles sont les conditions sp\u00e9cifiques d&#039;annulation des r\u00e9servations ?            <\/button>\r\n        <\/h2>\r\n        <div id=\"st-quelles-sont-les-conditions-sp\u00e9cifiques-d-annulation-des-r\u00e9servations\" class=\"accordion-collapse collapse \"\r\n            aria-labelledby=\"heading_quelles-sont-les-conditions-sp\u00e9cifiques-d-annulation-des-r\u00e9servations\"\r\n            data-bs-parent=\"#accordion_quelles-sont-les-conditions-sp\u00e9cifiques-d-annulation-des-r\u00e9servations\"\r\n        >\r\n            <div class=\"accordion-body\">\r\n                - Vol int\u00e9rieur : Apr\u00e8s la signature et la confirmation de la r\u00e9servation, des frais d&#039;annulation de 80 euros par trajet s&#039;appliquent.\n- Services terrestres : En fonction du d\u00e9lai avant le d\u00e9part du voyage, les frais d&#039;annulation varient de z\u00e9ro \u00e0 100 % du montant total.            <\/div>\r\n        <\/div>\r\n    <\/div>\r\n<\/div>\r\n\t\t\t\t<\/div>\n\t\t\t\t<\/div>\n\t\t\t\t\t<\/div>\n\t\t<\/div>\n\t\t\t\t<div class=\"elementor-column elementor-col-50 elementor-inner-column elementor-element elementor-element-5c37e258\" data-id=\"5c37e258\" data-element_type=\"column\" data-e-type=\"column\">\n\t\t\t<div class=\"elementor-widget-wrap elementor-element-populated\">\n\t\t\t\t\t\t<div class=\"elementor-element elementor-element-dc2bfbe elementor-widget elementor-widget-st_faq\" data-id=\"dc2bfbe\" data-element_type=\"widget\" data-e-type=\"widget\" data-widget_type=\"st_faq.default\">\n\t\t\t\t<div class=\"elementor-widget-container\">\n\t\t\t\t\t<div class=\"accordion faq style1\" id=\"accordion_qu-est-ce-qui-est-consid\u00e9r\u00e9-comme-essentiel-lors-de-la-r\u00e9servation\">\r\n    <div class=\"accordion-item\">\r\n        <h2 class=\"accordion-header\" id=\"heading_qu-est-ce-qui-est-consid\u00e9r\u00e9-comme-essentiel-lors-de-la-r\u00e9servation\">\r\n            <button class=\"accordion-button   collapsed\"\r\n                type=\"button\"\r\n                data-bs-toggle=\"collapse\"\r\n                data-bs-target=\"#st-qu-est-ce-qui-est-consid\u00e9r\u00e9-comme-essentiel-lors-de-la-r\u00e9servation\"\r\n                aria-expanded=\"false\"\r\n                aria-controls=\"qu-est-ce-qui-est-consid\u00e9r\u00e9-comme-essentiel-lors-de-la-r\u00e9servation\"\r\n            >\r\n                Qu&#039;est-ce qui est consid\u00e9r\u00e9 comme essentiel lors de la r\u00e9servation ?            <\/button>\r\n        <\/h2>\r\n        <div id=\"st-qu-est-ce-qui-est-consid\u00e9r\u00e9-comme-essentiel-lors-de-la-r\u00e9servation\" class=\"accordion-collapse collapse \"\r\n            aria-labelledby=\"heading_qu-est-ce-qui-est-consid\u00e9r\u00e9-comme-essentiel-lors-de-la-r\u00e9servation\"\r\n            data-bs-parent=\"#accordion_qu-est-ce-qui-est-consid\u00e9r\u00e9-comme-essentiel-lors-de-la-r\u00e9servation\"\r\n        >\r\n            <div class=\"accordion-body\">\r\n                Lors de la r\u00e9servation, il est indispensable d&#039;envoyer le scan de passeports.            <\/div>\r\n        <\/div>\r\n    <\/div>\r\n<\/div>\r\n\t\t\t\t<\/div>\n\t\t\t\t<\/div>\n\t\t\t\t<div class=\"elementor-element elementor-element-7227cb1a elementor-widget elementor-widget-st_faq\" data-id=\"7227cb1a\" data-element_type=\"widget\" data-e-type=\"widget\" data-widget_type=\"st_faq.default\">\n\t\t\t\t<div class=\"elementor-widget-container\">\n\t\t\t\t\t<div class=\"accordion faq style1\" id=\"accordion_quelles-sont-les-principales-exigences-en-termes-de-validit\u00e9-du-passeport-pour-un-voyage-en-ouzb\u00e9kistan\">\r\n    <div class=\"accordion-item\">\r\n        <h2 class=\"accordion-header\" id=\"heading_quelles-sont-les-principales-exigences-en-termes-de-validit\u00e9-du-passeport-pour-un-voyage-en-ouzb\u00e9kistan\">\r\n            <button class=\"accordion-button   collapsed\"\r\n                type=\"button\"\r\n                data-bs-toggle=\"collapse\"\r\n                data-bs-target=\"#st-quelles-sont-les-principales-exigences-en-termes-de-validit\u00e9-du-passeport-pour-un-voyage-en-ouzb\u00e9kistan\"\r\n                aria-expanded=\"false\"\r\n                aria-controls=\"quelles-sont-les-principales-exigences-en-termes-de-validit\u00e9-du-passeport-pour-un-voyage-en-ouzb\u00e9kistan\"\r\n            >\r\n                Quelles sont les principales exigences en termes de validit\u00e9 du passeport pour un voyage en Ouzb\u00e9kistan ?            <\/button>\r\n        <\/h2>\r\n        <div id=\"st-quelles-sont-les-principales-exigences-en-termes-de-validit\u00e9-du-passeport-pour-un-voyage-en-ouzb\u00e9kistan\" class=\"accordion-collapse collapse \"\r\n            aria-labelledby=\"heading_quelles-sont-les-principales-exigences-en-termes-de-validit\u00e9-du-passeport-pour-un-voyage-en-ouzb\u00e9kistan\"\r\n            data-bs-parent=\"#accordion_quelles-sont-les-principales-exigences-en-termes-de-validit\u00e9-du-passeport-pour-un-voyage-en-ouzb\u00e9kistan\"\r\n        >\r\n            <div class=\"accordion-body\">\r\n                Les voyageurs doivent s&#039;assurer que tous les documents sont en ordre. Un passeport avec une validit\u00e9 d&#039;au moins 6 mois est requis. Aucun visa n&#039;est requis pour les passagers munis d&#039;un passeport fran\u00e7ais ; pour les autres nationalit\u00e9s, il convient de se renseigner.            <\/div>\r\n        <\/div>\r\n    <\/div>\r\n<\/div>\r\n\t\t\t\t<\/div>\n\t\t\t\t<\/div>\n\t\t\t\t<div class=\"elementor-element elementor-element-ac479e3 elementor-widget elementor-widget-st_faq\" data-id=\"ac479e3\" data-element_type=\"widget\" data-e-type=\"widget\" data-widget_type=\"st_faq.default\">\n\t\t\t\t<div class=\"elementor-widget-container\">\n\t\t\t\t\t<div class=\"accordion faq style1\" id=\"accordion_quelle-est-la-strat\u00e9gie-pour-les-repas-pr\u00e9vus-pendant-l-itin\u00e9raire\">\r\n    <div class=\"accordion-item\">\r\n        <h2 class=\"accordion-header\" id=\"heading_quelle-est-la-strat\u00e9gie-pour-les-repas-pr\u00e9vus-pendant-l-itin\u00e9raire\">\r\n            <button class=\"accordion-button   collapsed\"\r\n                type=\"button\"\r\n                data-bs-toggle=\"collapse\"\r\n                data-bs-target=\"#st-quelle-est-la-strat\u00e9gie-pour-les-repas-pr\u00e9vus-pendant-l-itin\u00e9raire\"\r\n                aria-expanded=\"false\"\r\n                aria-controls=\"quelle-est-la-strat\u00e9gie-pour-les-repas-pr\u00e9vus-pendant-l-itin\u00e9raire\"\r\n            >\r\n                Quelle est la strat\u00e9gie pour les repas pr\u00e9vus pendant l&#039;itin\u00e9raire ?            <\/button>\r\n        <\/h2>\r\n        <div id=\"st-quelle-est-la-strat\u00e9gie-pour-les-repas-pr\u00e9vus-pendant-l-itin\u00e9raire\" class=\"accordion-collapse collapse \"\r\n            aria-labelledby=\"heading_quelle-est-la-strat\u00e9gie-pour-les-repas-pr\u00e9vus-pendant-l-itin\u00e9raire\"\r\n            data-bs-parent=\"#accordion_quelle-est-la-strat\u00e9gie-pour-les-repas-pr\u00e9vus-pendant-l-itin\u00e9raire\"\r\n        >\r\n            <div class=\"accordion-body\">\r\n                Les repas pr\u00e9vus pendant le voyage sont pris dans des restaurants locaux, des maisons rurales, des maisons d&#039;artisans, etc.            <\/div>\r\n        <\/div>\r\n    <\/div>\r\n<\/div>\r\n\t\t\t\t<\/div>\n\t\t\t\t<\/div>\n\t\t\t\t<div class=\"elementor-element elementor-element-795a6a8 elementor-widget elementor-widget-st_faq\" data-id=\"795a6a8\" data-element_type=\"widget\" data-e-type=\"widget\" data-widget_type=\"st_faq.default\">\n\t\t\t\t<div class=\"elementor-widget-container\">\n\t\t\t\t\t<div class=\"accordion faq style1\" id=\"accordion_comment-les-modifications-des-horaires-de-vol-et-des-jours-de-travail-peuvent-elles-affecter-la-planification-des-itin\u00e9raires\">\r\n    <div class=\"accordion-item\">\r\n        <h2 class=\"accordion-header\" id=\"heading_comment-les-modifications-des-horaires-de-vol-et-des-jours-de-travail-peuvent-elles-affecter-la-planification-des-itin\u00e9raires\">\r\n            <button class=\"accordion-button   collapsed\"\r\n                type=\"button\"\r\n                data-bs-toggle=\"collapse\"\r\n                data-bs-target=\"#st-comment-les-modifications-des-horaires-de-vol-et-des-jours-de-travail-peuvent-elles-affecter-la-planification-des-itin\u00e9raires\"\r\n                aria-expanded=\"false\"\r\n                aria-controls=\"comment-les-modifications-des-horaires-de-vol-et-des-jours-de-travail-peuvent-elles-affecter-la-planification-des-itin\u00e9raires\"\r\n            >\r\n                Comment les modifications des horaires de vol et des jours de travail peuvent-elles affecter la planification des itin\u00e9raires ?            <\/button>\r\n        <\/h2>\r\n        <div id=\"st-comment-les-modifications-des-horaires-de-vol-et-des-jours-de-travail-peuvent-elles-affecter-la-planification-des-itin\u00e9raires\" class=\"accordion-collapse collapse \"\r\n            aria-labelledby=\"heading_comment-les-modifications-des-horaires-de-vol-et-des-jours-de-travail-peuvent-elles-affecter-la-planification-des-itin\u00e9raires\"\r\n            data-bs-parent=\"#accordion_comment-les-modifications-des-horaires-de-vol-et-des-jours-de-travail-peuvent-elles-affecter-la-planification-des-itin\u00e9raires\"\r\n        >\r\n            <div class=\"accordion-body\">\r\n                L&#039;itin\u00e9raire est sous r\u00e9serve de modifications en fonction des changements que la compagnie a\u00e9rienne pourrait apporter \u00e0 ses horaires de vol et \u00e0 ses jours d&#039;ouverture.            <\/div>\r\n        <\/div>\r\n    <\/div>\r\n<\/div>\r\n\t\t\t\t<\/div>\n\t\t\t\t<\/div>\n\t\t\t\t<div class=\"elementor-element elementor-element-66a7271 elementor-widget elementor-widget-st_faq\" data-id=\"66a7271\" data-element_type=\"widget\" data-e-type=\"widget\" data-widget_type=\"st_faq.default\">\n\t\t\t\t<div class=\"elementor-widget-container\">\n\t\t\t\t\t<div class=\"accordion faq style1\" id=\"accordion_quelle-est-la-limite-de-bagages-pour-les-vols-int\u00e9rieurs\">\r\n    <div class=\"accordion-item\">\r\n        <h2 class=\"accordion-header\" id=\"heading_quelle-est-la-limite-de-bagages-pour-les-vols-int\u00e9rieurs\">\r\n            <button class=\"accordion-button   collapsed\"\r\n                type=\"button\"\r\n                data-bs-toggle=\"collapse\"\r\n                data-bs-target=\"#st-quelle-est-la-limite-de-bagages-pour-les-vols-int\u00e9rieurs\"\r\n                aria-expanded=\"false\"\r\n                aria-controls=\"quelle-est-la-limite-de-bagages-pour-les-vols-int\u00e9rieurs\"\r\n            >\r\n                Quelle est la limite de bagages pour les vols int\u00e9rieurs ?            <\/button>\r\n        <\/h2>\r\n        <div id=\"st-quelle-est-la-limite-de-bagages-pour-les-vols-int\u00e9rieurs\" class=\"accordion-collapse collapse \"\r\n            aria-labelledby=\"heading_quelle-est-la-limite-de-bagages-pour-les-vols-int\u00e9rieurs\"\r\n            data-bs-parent=\"#accordion_quelle-est-la-limite-de-bagages-pour-les-vols-int\u00e9rieurs\"\r\n        >\r\n            <div class=\"accordion-body\">\r\n                Uzbekistan Airways autorise une limite de bagages de 23 kg en soute et de 8 kg en cabine. Silk Avia autorise 20 kg en soute et 5 kg en cabine.            <\/div>\r\n        <\/div>\r\n    <\/div>\r\n<\/div>\r\n\t\t\t\t<\/div>\n\t\t\t\t<\/div>\n\t\t\t\t<div class=\"elementor-element elementor-element-46cc79e elementor-widget elementor-widget-st_faq\" data-id=\"46cc79e\" data-element_type=\"widget\" data-e-type=\"widget\" data-widget_type=\"st_faq.default\">\n\t\t\t\t<div class=\"elementor-widget-container\">\n\t\t\t\t\t<div class=\"accordion faq style1\" id=\"accordion_quelle-est-la-monnaie-utilis\u00e9e-dans-en-ouzb\u00e9kistan\">\r\n    <div class=\"accordion-item\">\r\n        <h2 class=\"accordion-header\" id=\"heading_quelle-est-la-monnaie-utilis\u00e9e-dans-en-ouzb\u00e9kistan\">\r\n            <button class=\"accordion-button   collapsed\"\r\n                type=\"button\"\r\n                data-bs-toggle=\"collapse\"\r\n                data-bs-target=\"#st-quelle-est-la-monnaie-utilis\u00e9e-dans-en-ouzb\u00e9kistan\"\r\n                aria-expanded=\"false\"\r\n                aria-controls=\"quelle-est-la-monnaie-utilis\u00e9e-dans-en-ouzb\u00e9kistan\"\r\n            >\r\n                Quelle est la monnaie utilis\u00e9e dans en Ouzb\u00e9kistan ?            <\/button>\r\n        <\/h2>\r\n        <div id=\"st-quelle-est-la-monnaie-utilis\u00e9e-dans-en-ouzb\u00e9kistan\" class=\"accordion-collapse collapse \"\r\n            aria-labelledby=\"heading_quelle-est-la-monnaie-utilis\u00e9e-dans-en-ouzb\u00e9kistan\"\r\n            data-bs-parent=\"#accordion_quelle-est-la-monnaie-utilis\u00e9e-dans-en-ouzb\u00e9kistan\"\r\n        >\r\n            <div class=\"accordion-body\">\r\n                La monnaie est le som ouzbek. L&#039;\u00e9change d&#039;esp\u00e8ces se fait uniquement dans les banques. Les distributeurs automatiques de billets acceptent les cartes internationales telles que Visa ou MasterCard et ne pr\u00e9l\u00e8vent qu&#039;une commission de 0,01 % pour les retraits d&#039;argent.            <\/div>\r\n        <\/div>\r\n    <\/div>\r\n<\/div>\r\n\t\t\t\t<\/div>\n\t\t\t\t<\/div>\n\t\t\t\t<div class=\"elementor-element elementor-element-c240ba4 elementor-widget elementor-widget-st_faq\" data-id=\"c240ba4\" data-element_type=\"widget\" data-e-type=\"widget\" data-widget_type=\"st_faq.default\">\n\t\t\t\t<div class=\"elementor-widget-container\">\n\t\t\t\t\t<div class=\"accordion faq style1\" id=\"accordion_quels-sont-les-modes-de-paiement-accept\u00e9s-pour-les-services-fournis\">\r\n    <div class=\"accordion-item\">\r\n        <h2 class=\"accordion-header\" id=\"heading_quels-sont-les-modes-de-paiement-accept\u00e9s-pour-les-services-fournis\">\r\n            <button class=\"accordion-button   collapsed\"\r\n                type=\"button\"\r\n                data-bs-toggle=\"collapse\"\r\n                data-bs-target=\"#st-quels-sont-les-modes-de-paiement-accept\u00e9s-pour-les-services-fournis\"\r\n                aria-expanded=\"false\"\r\n                aria-controls=\"quels-sont-les-modes-de-paiement-accept\u00e9s-pour-les-services-fournis\"\r\n            >\r\n                Quels sont les modes de paiement accept\u00e9s pour les services fournis ?            <\/button>\r\n        <\/h2>\r\n        <div id=\"st-quels-sont-les-modes-de-paiement-accept\u00e9s-pour-les-services-fournis\" class=\"accordion-collapse collapse \"\r\n            aria-labelledby=\"heading_quels-sont-les-modes-de-paiement-accept\u00e9s-pour-les-services-fournis\"\r\n            data-bs-parent=\"#accordion_quels-sont-les-modes-de-paiement-accept\u00e9s-pour-les-services-fournis\"\r\n        >\r\n            <div class=\"accordion-body\">\r\n                Les paiements peuvent \u00eatre effectu\u00e9s par virement bancaire sur notre compte en USD, UZS, EUR ou RUB. Nous acceptons \u00e9galement les cartes bancaires pour les paiements en ligne via le lien fourni dans l&#039;application bancaire de l&#039;entreprise. Toutefois, il est important de noter que les paiements en esp\u00e8ces ne sont accept\u00e9s que pour les services suppl\u00e9mentaires qui peuvent survenir au cours de votre voyage dans le pays.            <\/div>\r\n        <\/div>\r\n    <\/div>\r\n<\/div>\r\n\t\t\t\t<\/div>\n\t\t\t\t<\/div>\n\t\t\t\t<div class=\"elementor-element elementor-element-9bc9057 elementor-widget elementor-widget-st_faq\" data-id=\"9bc9057\" data-element_type=\"widget\" data-e-type=\"widget\" data-widget_type=\"st_faq.default\">\n\t\t\t\t<div class=\"elementor-widget-container\">\n\t\t\t\t\t<div class=\"accordion faq style1\" id=\"accordion_le-pourboire-est-il-obligatoire-ou-facultatif\">\r\n    <div class=\"accordion-item\">\r\n        <h2 class=\"accordion-header\" id=\"heading_le-pourboire-est-il-obligatoire-ou-facultatif\">\r\n            <button class=\"accordion-button   collapsed\"\r\n                type=\"button\"\r\n                data-bs-toggle=\"collapse\"\r\n                data-bs-target=\"#st-le-pourboire-est-il-obligatoire-ou-facultatif\"\r\n                aria-expanded=\"false\"\r\n                aria-controls=\"le-pourboire-est-il-obligatoire-ou-facultatif\"\r\n            >\r\n                Le pourboire est-il obligatoire ou facultatif ?            <\/button>\r\n        <\/h2>\r\n        <div id=\"st-le-pourboire-est-il-obligatoire-ou-facultatif\" class=\"accordion-collapse collapse \"\r\n            aria-labelledby=\"heading_le-pourboire-est-il-obligatoire-ou-facultatif\"\r\n            data-bs-parent=\"#accordion_le-pourboire-est-il-obligatoire-ou-facultatif\"\r\n        >\r\n            <div class=\"accordion-body\">\r\n                En Ouzb\u00e9kistan, il est fr\u00e9quent de donner un pourboire aux porteurs, aux chauffeurs et aux guides.            <\/div>\r\n        <\/div>\r\n    <\/div>\r\n<\/div>\r\n\t\t\t\t<\/div>\n\t\t\t\t<\/div>\n\t\t\t\t<div class=\"elementor-element elementor-element-5c24bd1 elementor-widget elementor-widget-st_faq\" data-id=\"5c24bd1\" data-element_type=\"widget\" data-e-type=\"widget\" data-widget_type=\"st_faq.default\">\n\t\t\t\t<div class=\"elementor-widget-container\">\n\t\t\t\t\t<div class=\"accordion faq style1\" id=\"accordion_quelles-sont-les-informations-importantes-\u00e0-consid\u00e9rer-dans-la-phrase-important-\u00e0-savoir\">\r\n    <div class=\"accordion-item\">\r\n        <h2 class=\"accordion-header\" id=\"heading_quelles-sont-les-informations-importantes-\u00e0-consid\u00e9rer-dans-la-phrase-important-\u00e0-savoir\">\r\n            <button class=\"accordion-button   collapsed\"\r\n                type=\"button\"\r\n                data-bs-toggle=\"collapse\"\r\n                data-bs-target=\"#st-quelles-sont-les-informations-importantes-\u00e0-consid\u00e9rer-dans-la-phrase-important-\u00e0-savoir\"\r\n                aria-expanded=\"false\"\r\n                aria-controls=\"quelles-sont-les-informations-importantes-\u00e0-consid\u00e9rer-dans-la-phrase-important-\u00e0-savoir\"\r\n            >\r\n                Quelles sont les informations importantes \u00e0 consid\u00e9rer dans la phrase &quot;Important \u00e0 savoir&quot; ?            <\/button>\r\n        <\/h2>\r\n        <div id=\"st-quelles-sont-les-informations-importantes-\u00e0-consid\u00e9rer-dans-la-phrase-important-\u00e0-savoir\" class=\"accordion-collapse collapse \"\r\n            aria-labelledby=\"heading_quelles-sont-les-informations-importantes-\u00e0-consid\u00e9rer-dans-la-phrase-important-\u00e0-savoir\"\r\n            data-bs-parent=\"#accordion_quelles-sont-les-informations-importantes-\u00e0-consid\u00e9rer-dans-la-phrase-important-\u00e0-savoir\"\r\n        >\r\n            <div class=\"accordion-body\">\r\n                Le gouvernement ouzbek recommande vivement aux voyageurs de ne pas jeter les d\u00e9chets dans les rues s&#039;il n&#039;y a pas de poubelles disponibles. Les ouzbeks peuvent vous demander des photos, car on consid\u00e8re les touristes comme les gens exotiques, en particulier ceux qui viennent de r\u00e9gions non touristiques.            <\/div>\r\n        <\/div>\r\n    <\/div>\r\n<\/div>\r\n\t\t\t\t<\/div>\n\t\t\t\t<\/div>\n\t\t\t\t\t<\/div>\n\t\t<\/div>\n\t\t\t\t\t<\/div>\n\t\t<\/section>\n\t\t<div class=\"elementor-element elementor-element-1885024d e-flex e-con-boxed e-con e-parent\" data-id=\"1885024d\" data-element_type=\"container\" data-e-type=\"container\">\n\t\t\t\t\t<div class=\"e-con-inner\">\n\t\t\t\t<div class=\"elementor-element elementor-element-271c3ac3 animated-slow elementor-invisible elementor-widget elementor-widget-heading\" data-id=\"271c3ac3\" data-element_type=\"widget\" data-e-type=\"widget\" data-settings=\"{&quot;_animation&quot;:&quot;fadeIn&quot;,&quot;_animation_delay&quot;:400}\" data-widget_type=\"heading.default\">\n\t\t\t\t\t<h2 class=\"elementor-heading-title elementor-size-default\">Histoires, conseils et guides<\/h2>\t\t\t\t<\/div>\n\t\t\t\t<div class=\"elementor-element elementor-element-3504453b animated-slow elementor-widget elementor-widget-st_blog_list\" data-id=\"3504453b\" data-element_type=\"widget\" data-e-type=\"widget\" data-settings=\"{&quot;_animation&quot;:&quot;none&quot;,&quot;_animation_delay&quot;:400,&quot;item_row&quot;:&quot;4&quot;,&quot;order&quot;:&quot;ASC&quot;}\" data-widget_type=\"st_blog_list.default\">\n\t\t\t\t<div class=\"elementor-widget-container\">\n\t\t\t\t\t    <div class=\"st-list-service st-sliders st-style-arrow style-lib-slider-4\" data-slides-per-view=\"4\" data-pagination=\"on\" data-navigation=\"on\" data-auto-play=\"off\" data-loop=\"\" data-delay=\"\"  data-responsive=\"{&quot;0&quot;:{&quot;slidesPerView&quot;:1,&quot;spaceBetween&quot;:10},&quot;767&quot;:{&quot;slidesPerView&quot;:3,&quot;spaceBetween&quot;:24},&quot;1024&quot;:{&quot;slidesPerView&quot;:5,&quot;spaceBetween&quot;:24},&quot;1366&quot;:{&quot;slidesPerView&quot;:&quot;4&quot;,&quot;spaceBetween&quot;:24}}\">\r\n\r\n        <div class=\"service-list-wrapper st-blog-list-el st-blog-list-lib swiper-container\">\r\n            <div class=\"swiper-wrapper\">\r\n                                    <div class=\"swiper-slide\">\r\n                                                <div class=\"services-item grid item-elementor\">\r\n                            <div class=\"item service-border-lib border-radius-10\">\r\n                                <div class=\"featured-image\">\r\n                                                                            <div class=\"cate category-color\">\r\n                                            <ul>\r\n                                                <li ><a href=\"https:\/\/orientstar.uz\/fr\/category\/folklor-ouzbek\/\" style=\"color:#fff\"><span style=\"color:#fff\"><\/span>FOLKLOR OUZBEK<\/a><\/li>                                            <\/ul>\r\n                                        <\/div>\r\n                                                                            <a href=\"https:\/\/orientstar.uz\/fr\/el\/\">\r\n                                        <img decoding=\"async\" itemprop=\"photo\" src=\"https:\/\/orientstar.uz\/wp-content\/uploads\/2023\/12\/06447edb-625a-418c-9435-95eb7270a42f-450x300.webp\" alt=\"L&rsquo;\u00c2NE BETE\" class=\"img-fluid st-hover-grow\" \/>\r\n                                    <\/a>\r\n                                                                        <div class=\"content-item\">\r\n\r\n                                        <h3 class=\"title\" itemprop=\"name\">\r\n                                            <a href=\"https:\/\/orientstar.uz\/fr\/el\/\">L&rsquo;\u00c2NE BETE<\/a>\r\n                                        <\/h3>\r\n\r\n                                        <div class=\"meta\">\r\n                                            <ul>\r\n                                                <li>\r\n                                                    <a href=\"https:\/\/orientstar.uz\/fr\/author\/maliko\/\">\r\n                                                        <img alt='L&rsquo;\u00c2NE BETE' src='https:\/\/orientstar.uz\/wp-content\/uploads\/2022\/04\/pic-300x300.png' srcset='https:\/\/orientstar.uz\/wp-content\/uploads\/2022\/04\/pic-300x300.png 300w, https:\/\/orientstar.uz\/wp-content\/uploads\/2022\/04\/pic-1024x1024.png 1024w, https:\/\/orientstar.uz\/wp-content\/uploads\/2022\/04\/pic-150x150.png 150w, https:\/\/orientstar.uz\/wp-content\/uploads\/2022\/04\/pic-768x768.png 768w, https:\/\/orientstar.uz\/wp-content\/uploads\/2022\/04\/pic-1536x1536.png 1536w, https:\/\/orientstar.uz\/wp-content\/uploads\/2022\/04\/pic-2048x2048.png 2048w, https:\/\/orientstar.uz\/wp-content\/uploads\/2022\/04\/pic-75x75.png 75w, https:\/\/orientstar.uz\/wp-content\/uploads\/2022\/04\/pic-600x600.png 600w, https:\/\/orientstar.uz\/wp-content\/uploads\/2022\/04\/pic-100x100.png 100w, https:\/\/orientstar.uz\/wp-content\/uploads\/2022\/04\/pic-60x60.png 60w, https:\/\/orientstar.uz\/wp-content\/uploads\/2022\/04\/pic.png 180w' class='avatar avatar-30 photo' height='30' width='30' \/>                                                        Sodik Begmatov                                                    <\/a>\r\n                                                <\/li>\r\n                                                <li>\r\n                                                    19 d\u00e9cembre 2023                                                <\/li>\r\n\r\n                                            <\/ul>\r\n                                        <\/div>\r\n                                    <\/div>\r\n                                <\/div>\r\n\r\n                            <\/div>\r\n                        <\/div>\r\n                    <\/div>\r\n                                        <div class=\"swiper-slide\">\r\n                                                <div class=\"services-item grid item-elementor\">\r\n                            <div class=\"item service-border-lib border-radius-10\">\r\n                                <div class=\"featured-image\">\r\n                                                                            <div class=\"cate category-color\">\r\n                                            <ul>\r\n                                                <li ><a href=\"https:\/\/orientstar.uz\/fr\/category\/stays-fr\/\" style=\"color:#fff\"><span style=\"color:#fff\"><\/span>VILLES<\/a><\/li>                                            <\/ul>\r\n                                        <\/div>\r\n                                                                            <a href=\"https:\/\/orientstar.uz\/fr\/tiptoe-through-the-tulips-of-washington\/\">\r\n                                        <img decoding=\"async\" itemprop=\"photo\" src=\"https:\/\/orientstar.uz\/wp-content\/uploads\/2023\/12\/d42163b7-d706-415b-80ad-16bd9b2a5670-450x300.webp\" alt=\"L&rsquo;OUZBEKISTAN EST LA CAPITALE DE LA ROUTE DE LA SOIE\" class=\"img-fluid st-hover-grow\" \/>\r\n                                    <\/a>\r\n                                                                        <div class=\"content-item\">\r\n\r\n                                        <h3 class=\"title\" itemprop=\"name\">\r\n                                            <a href=\"https:\/\/orientstar.uz\/fr\/tiptoe-through-the-tulips-of-washington\/\">L&rsquo;OUZBEKISTAN EST LA CAPITALE DE LA ROUTE DE LA SOIE<\/a>\r\n                                        <\/h3>\r\n\r\n                                        <div class=\"meta\">\r\n                                            <ul>\r\n                                                <li>\r\n                                                    <a href=\"https:\/\/orientstar.uz\/fr\/author\/maliko\/\">\r\n                                                        <img alt='L&rsquo;OUZBEKISTAN EST LA CAPITALE DE LA ROUTE DE LA SOIE' src='https:\/\/orientstar.uz\/wp-content\/uploads\/2022\/04\/pic-300x300.png' srcset='https:\/\/orientstar.uz\/wp-content\/uploads\/2022\/04\/pic-300x300.png 300w, https:\/\/orientstar.uz\/wp-content\/uploads\/2022\/04\/pic-1024x1024.png 1024w, https:\/\/orientstar.uz\/wp-content\/uploads\/2022\/04\/pic-150x150.png 150w, https:\/\/orientstar.uz\/wp-content\/uploads\/2022\/04\/pic-768x768.png 768w, https:\/\/orientstar.uz\/wp-content\/uploads\/2022\/04\/pic-1536x1536.png 1536w, https:\/\/orientstar.uz\/wp-content\/uploads\/2022\/04\/pic-2048x2048.png 2048w, https:\/\/orientstar.uz\/wp-content\/uploads\/2022\/04\/pic-75x75.png 75w, https:\/\/orientstar.uz\/wp-content\/uploads\/2022\/04\/pic-600x600.png 600w, https:\/\/orientstar.uz\/wp-content\/uploads\/2022\/04\/pic-100x100.png 100w, https:\/\/orientstar.uz\/wp-content\/uploads\/2022\/04\/pic-60x60.png 60w, https:\/\/orientstar.uz\/wp-content\/uploads\/2022\/04\/pic.png 180w' class='avatar avatar-30 photo' height='30' width='30' \/>                                                        Sodik Begmatov                                                    <\/a>\r\n                                                <\/li>\r\n                                                <li>\r\n                                                    6 septembre 2020                                                <\/li>\r\n\r\n                                            <\/ul>\r\n                                        <\/div>\r\n                                    <\/div>\r\n                                <\/div>\r\n\r\n                            <\/div>\r\n                        <\/div>\r\n                    <\/div>\r\n                                        <div class=\"swiper-slide\">\r\n                                                <div class=\"services-item grid item-elementor\">\r\n                            <div class=\"item service-border-lib border-radius-10\">\r\n                                <div class=\"featured-image\">\r\n                                                                            <div class=\"cate category-color\">\r\n                                            <ul>\r\n                                                <li ><a href=\"https:\/\/orientstar.uz\/fr\/category\/non-classifiee\/\" style=\"color:#fff\"><span style=\"color:#fff\"><\/span>Non classifi\u00e9(e)<\/a><\/li>                                            <\/ul>\r\n                                        <\/div>\r\n                                                                            <a href=\"https:\/\/orientstar.uz\/fr\/ouzbekistan-top-10-endroits-a-visiter-sur-la-route-de-la-soie\/\">\r\n                                        <img decoding=\"async\" itemprop=\"photo\" src=\"https:\/\/orientstar.uz\/wp-content\/uploads\/2023\/08\/1-2-450x300.jpg\" alt=\"OUZB\u00c9KISTAN &#8211; TOP 10 ENDROITS \u00c0 VISITER SUR LA ROUTE DE LA SOIE\" class=\"img-fluid st-hover-grow\" \/>\r\n                                    <\/a>\r\n                                                                        <div class=\"content-item\">\r\n\r\n                                        <h3 class=\"title\" itemprop=\"name\">\r\n                                            <a href=\"https:\/\/orientstar.uz\/fr\/ouzbekistan-top-10-endroits-a-visiter-sur-la-route-de-la-soie\/\">OUZB\u00c9KISTAN &#8211; TOP 10 ENDROITS \u00c0 VISITER SUR LA ROUTE DE LA SOIE<\/a>\r\n                                        <\/h3>\r\n\r\n                                        <div class=\"meta\">\r\n                                            <ul>\r\n                                                <li>\r\n                                                    <a href=\"https:\/\/orientstar.uz\/fr\/author\/isamatov\/\">\r\n                                                        <img alt='OUZB\u00c9KISTAN &#8211; TOP 10 ENDROITS \u00c0 VISITER SUR LA ROUTE DE LA SOIE' src='https:\/\/orientstar.uz\/wp-content\/uploads\/2023\/11\/01-300x300.jpg' srcset='https:\/\/orientstar.uz\/wp-content\/uploads\/2023\/11\/01-300x300.jpg 300w, https:\/\/orientstar.uz\/wp-content\/uploads\/2023\/11\/01-1024x1024.jpg 1024w, https:\/\/orientstar.uz\/wp-content\/uploads\/2023\/11\/01-150x150.jpg 150w, https:\/\/orientstar.uz\/wp-content\/uploads\/2023\/11\/01-1536x1536.jpg 1536w, https:\/\/orientstar.uz\/wp-content\/uploads\/2023\/11\/01-2048x2048.jpg 2048w, https:\/\/orientstar.uz\/wp-content\/uploads\/2023\/11\/01-75x75.jpg 75w, https:\/\/orientstar.uz\/wp-content\/uploads\/2023\/11\/01-100x100.jpg 100w' class='avatar avatar-30 photo' height='30' width='30' \/>                                                        Soyib Isamatov                                                    <\/a>\r\n                                                <\/li>\r\n                                                <li>\r\n                                                    12 janvier 2023                                                <\/li>\r\n\r\n                                            <\/ul>\r\n                                        <\/div>\r\n                                    <\/div>\r\n                                <\/div>\r\n\r\n                            <\/div>\r\n                        <\/div>\r\n                    <\/div>\r\n                                        <div class=\"swiper-slide\">\r\n                                                <div class=\"services-item grid item-elementor\">\r\n                            <div class=\"item service-border-lib border-radius-10\">\r\n                                <div class=\"featured-image\">\r\n                                                                            <div class=\"cate category-color\">\r\n                                            <ul>\r\n                                                <li ><a href=\"https:\/\/orientstar.uz\/fr\/category\/folklor-ouzbek\/\" style=\"color:#fff\"><span style=\"color:#fff\"><\/span>FOLKLOR OUZBEK<\/a><\/li>                                            <\/ul>\r\n                                        <\/div>\r\n                                                                            <a href=\"https:\/\/orientstar.uz\/fr\/les-vetements-traditionnels-ouzbeks\/\">\r\n                                        <img decoding=\"async\" itemprop=\"photo\" src=\"https:\/\/orientstar.uz\/wp-content\/uploads\/2023\/08\/4-450x300.jpg\" alt=\"LES TENUES TRADITIONNELLES OUZBEKS\" class=\"img-fluid st-hover-grow\" \/>\r\n                                    <\/a>\r\n                                                                        <div class=\"content-item\">\r\n\r\n                                        <h3 class=\"title\" itemprop=\"name\">\r\n                                            <a href=\"https:\/\/orientstar.uz\/fr\/les-vetements-traditionnels-ouzbeks\/\">LES TENUES TRADITIONNELLES OUZBEKS<\/a>\r\n                                        <\/h3>\r\n\r\n                                        <div class=\"meta\">\r\n                                            <ul>\r\n                                                <li>\r\n                                                    <a href=\"https:\/\/orientstar.uz\/fr\/author\/isamatov\/\">\r\n                                                        <img alt='LES TENUES TRADITIONNELLES OUZBEKS' src='https:\/\/orientstar.uz\/wp-content\/uploads\/2023\/11\/01-300x300.jpg' srcset='https:\/\/orientstar.uz\/wp-content\/uploads\/2023\/11\/01-300x300.jpg 300w, https:\/\/orientstar.uz\/wp-content\/uploads\/2023\/11\/01-1024x1024.jpg 1024w, https:\/\/orientstar.uz\/wp-content\/uploads\/2023\/11\/01-150x150.jpg 150w, https:\/\/orientstar.uz\/wp-content\/uploads\/2023\/11\/01-1536x1536.jpg 1536w, https:\/\/orientstar.uz\/wp-content\/uploads\/2023\/11\/01-2048x2048.jpg 2048w, https:\/\/orientstar.uz\/wp-content\/uploads\/2023\/11\/01-75x75.jpg 75w, https:\/\/orientstar.uz\/wp-content\/uploads\/2023\/11\/01-100x100.jpg 100w' class='avatar avatar-30 photo' height='30' width='30' \/>                                                        Soyib Isamatov                                                    <\/a>\r\n                                                <\/li>\r\n                                                <li>\r\n                                                    30 janvier 2023                                                <\/li>\r\n\r\n                                            <\/ul>\r\n                                        <\/div>\r\n                                    <\/div>\r\n                                <\/div>\r\n\r\n                            <\/div>\r\n                        <\/div>\r\n                    <\/div>\r\n                                        <div class=\"swiper-slide\">\r\n                                                <div class=\"services-item grid item-elementor\">\r\n                            <div class=\"item service-border-lib border-radius-10\">\r\n                                <div class=\"featured-image\">\r\n                                                                            <div class=\"cate category-color\">\r\n                                            <ul>\r\n                                                <li ><a href=\"https:\/\/orientstar.uz\/fr\/category\/non-classifiee\/\" style=\"color:#fff\"><span style=\"color:#fff\"><\/span>Non classifi\u00e9(e)<\/a><\/li>                                            <\/ul>\r\n                                        <\/div>\r\n                                                                            <a href=\"https:\/\/orientstar.uz\/fr\/unforgettable-fam-trip-in-uzbekistan-the-invitation-from-orient-star-group\/\">\r\n                                        <img decoding=\"async\" itemprop=\"photo\" src=\"https:\/\/orientstar.uz\/wp-content\/uploads\/2023\/08\/photo_2023-08-16_11-19-07-450x300.jpg\" alt=\"FAM TRIP INOUBLIABLE EN OUZB\u00c9KISTAN : L&rsquo;INVITATION D&rsquo;ORIENT STAR GROUP\" class=\"img-fluid st-hover-grow\" \/>\r\n                                    <\/a>\r\n                                                                        <div class=\"content-item\">\r\n\r\n                                        <h3 class=\"title\" itemprop=\"name\">\r\n                                            <a href=\"https:\/\/orientstar.uz\/fr\/unforgettable-fam-trip-in-uzbekistan-the-invitation-from-orient-star-group\/\">FAM TRIP INOUBLIABLE EN OUZB\u00c9KISTAN : L&rsquo;INVITATION D&rsquo;ORIENT STAR GROUP<\/a>\r\n                                        <\/h3>\r\n\r\n                                        <div class=\"meta\">\r\n                                            <ul>\r\n                                                <li>\r\n                                                    <a href=\"https:\/\/orientstar.uz\/fr\/author\/maliko\/\">\r\n                                                        <img alt='FAM TRIP INOUBLIABLE EN OUZB\u00c9KISTAN : L&rsquo;INVITATION D&rsquo;ORIENT STAR GROUP' src='https:\/\/orientstar.uz\/wp-content\/uploads\/2022\/04\/pic-300x300.png' srcset='https:\/\/orientstar.uz\/wp-content\/uploads\/2022\/04\/pic-300x300.png 300w, https:\/\/orientstar.uz\/wp-content\/uploads\/2022\/04\/pic-1024x1024.png 1024w, https:\/\/orientstar.uz\/wp-content\/uploads\/2022\/04\/pic-150x150.png 150w, https:\/\/orientstar.uz\/wp-content\/uploads\/2022\/04\/pic-768x768.png 768w, https:\/\/orientstar.uz\/wp-content\/uploads\/2022\/04\/pic-1536x1536.png 1536w, https:\/\/orientstar.uz\/wp-content\/uploads\/2022\/04\/pic-2048x2048.png 2048w, https:\/\/orientstar.uz\/wp-content\/uploads\/2022\/04\/pic-75x75.png 75w, https:\/\/orientstar.uz\/wp-content\/uploads\/2022\/04\/pic-600x600.png 600w, https:\/\/orientstar.uz\/wp-content\/uploads\/2022\/04\/pic-100x100.png 100w, https:\/\/orientstar.uz\/wp-content\/uploads\/2022\/04\/pic-60x60.png 60w, https:\/\/orientstar.uz\/wp-content\/uploads\/2022\/04\/pic.png 180w' class='avatar avatar-30 photo' height='30' width='30' \/>                                                        Sodik Begmatov                                                    <\/a>\r\n                                                <\/li>\r\n                                                <li>\r\n                                                    16 ao\u00fbt 2023                                                <\/li>\r\n\r\n                                            <\/ul>\r\n                                        <\/div>\r\n                                    <\/div>\r\n                                <\/div>\r\n\r\n                            <\/div>\r\n                        <\/div>\r\n                    <\/div>\r\n                                        <div class=\"swiper-slide\">\r\n                                                <div class=\"services-item grid item-elementor\">\r\n                            <div class=\"item service-border-lib border-radius-10\">\r\n                                <div class=\"featured-image\">\r\n                                                                            <div class=\"cate category-color\">\r\n                                            <ul>\r\n                                                <li ><a href=\"https:\/\/orientstar.uz\/fr\/category\/non-classifiee\/\" style=\"color:#fff\"><span style=\"color:#fff\"><\/span>Non classifi\u00e9(e)<\/a><\/li>                                            <\/ul>\r\n                                        <\/div>\r\n                                                                            <a href=\"https:\/\/orientstar.uz\/fr\/la-belleza-de-la-ceramica-uzbeka\/\">\r\n                                        <img decoding=\"async\" itemprop=\"photo\" src=\"https:\/\/orientstar.uz\/wp-content\/uploads\/2023\/08\/\u0410\u041b\u042c\u0411\u041e\u041c-\u0420\u0418\u0428\u0422\u0410\u041d-2-01-scaled-450x300.jpg\" alt=\"LA BEAUT\u00c9 DE LA C\u00c9RAMIQUE OUZB\u00c8KE\" class=\"img-fluid st-hover-grow\" \/>\r\n                                    <\/a>\r\n                                                                        <div class=\"content-item\">\r\n\r\n                                        <h3 class=\"title\" itemprop=\"name\">\r\n                                            <a href=\"https:\/\/orientstar.uz\/fr\/la-belleza-de-la-ceramica-uzbeka\/\">LA BEAUT\u00c9 DE LA C\u00c9RAMIQUE OUZB\u00c8KE<\/a>\r\n                                        <\/h3>\r\n\r\n                                        <div class=\"meta\">\r\n                                            <ul>\r\n                                                <li>\r\n                                                    <a href=\"https:\/\/orientstar.uz\/fr\/author\/eldor\/\">\r\n                                                        <img alt='LA BEAUT\u00c9 DE LA C\u00c9RAMIQUE OUZB\u00c8KE' src='https:\/\/secure.gravatar.com\/avatar\/5792025d54baf9ea8de29f77be71ff2d71683f07fac68ffaf29fa6af35909745?s=30&#038;d=mm&#038;r=g' srcset='https:\/\/secure.gravatar.com\/avatar\/5792025d54baf9ea8de29f77be71ff2d71683f07fac68ffaf29fa6af35909745?s=60&#038;d=mm&#038;r=g 2x' class='avatar avatar-30 photo' height='30' width='30' \/>                                                        Eldor                                                    <\/a>\r\n                                                <\/li>\r\n                                                <li>\r\n                                                    16 ao\u00fbt 2023                                                <\/li>\r\n\r\n                                            <\/ul>\r\n                                        <\/div>\r\n                                    <\/div>\r\n                                <\/div>\r\n\r\n                            <\/div>\r\n                        <\/div>\r\n                    <\/div>\r\n                                        <div class=\"swiper-slide\">\r\n                                                <div class=\"services-item grid item-elementor\">\r\n                            <div class=\"item service-border-lib border-radius-10\">\r\n                                <div class=\"featured-image\">\r\n                                                                            <div class=\"cate category-color\">\r\n                                            <ul>\r\n                                                <li ><a href=\"https:\/\/orientstar.uz\/fr\/category\/articles\/\" style=\"color:#fff\"><span style=\"color:#fff\"><\/span>ARTICLES<\/a><\/li>                                            <\/ul>\r\n                                        <\/div>\r\n                                                                            <a href=\"https:\/\/orientstar.uz\/fr\/la-rica-tradicion-del-tejido-en-uzbekistan\/\">\r\n                                        <img decoding=\"async\" itemprop=\"photo\" src=\"https:\/\/orientstar.uz\/wp-content\/uploads\/2023\/08\/2-1-450x300.jpg\" alt=\"LA RICHE TRADITION DE TISSAGE DE L&rsquo;OUZB\u00c9KISTAN !\" class=\"img-fluid st-hover-grow\" \/>\r\n                                    <\/a>\r\n                                                                        <div class=\"content-item\">\r\n\r\n                                        <h3 class=\"title\" itemprop=\"name\">\r\n                                            <a href=\"https:\/\/orientstar.uz\/fr\/la-rica-tradicion-del-tejido-en-uzbekistan\/\">LA RICHE TRADITION DE TISSAGE DE L&rsquo;OUZB\u00c9KISTAN !<\/a>\r\n                                        <\/h3>\r\n\r\n                                        <div class=\"meta\">\r\n                                            <ul>\r\n                                                <li>\r\n                                                    <a href=\"https:\/\/orientstar.uz\/fr\/author\/eldor\/\">\r\n                                                        <img alt='LA RICHE TRADITION DE TISSAGE DE L&rsquo;OUZB\u00c9KISTAN !' src='https:\/\/secure.gravatar.com\/avatar\/5792025d54baf9ea8de29f77be71ff2d71683f07fac68ffaf29fa6af35909745?s=30&#038;d=mm&#038;r=g' srcset='https:\/\/secure.gravatar.com\/avatar\/5792025d54baf9ea8de29f77be71ff2d71683f07fac68ffaf29fa6af35909745?s=60&#038;d=mm&#038;r=g 2x' class='avatar avatar-30 photo' height='30' width='30' \/>                                                        Eldor                                                    <\/a>\r\n                                                <\/li>\r\n                                                <li>\r\n                                                    16 ao\u00fbt 2023                                                <\/li>\r\n\r\n                                            <\/ul>\r\n                                        <\/div>\r\n                                    <\/div>\r\n                                <\/div>\r\n\r\n                            <\/div>\r\n                        <\/div>\r\n                    <\/div>\r\n                                        <div class=\"swiper-slide\">\r\n                                                <div class=\"services-item grid item-elementor\">\r\n                            <div class=\"item service-border-lib border-radius-10\">\r\n                                <div class=\"featured-image\">\r\n                                                                            <div class=\"cate category-color\">\r\n                                            <ul>\r\n                                                <li ><a href=\"https:\/\/orientstar.uz\/fr\/category\/articles\/\" style=\"color:#fff\"><span style=\"color:#fff\"><\/span>ARTICLES<\/a><\/li>                                            <\/ul>\r\n                                        <\/div>\r\n                                                                            <a href=\"https:\/\/orientstar.uz\/fr\/salon-du-tourisme-iftm-2023-paris-france\/\">\r\n                                        <img decoding=\"async\" itemprop=\"photo\" src=\"https:\/\/orientstar.uz\/wp-content\/uploads\/2023\/11\/IMG_8303-450x300.jpg\" alt=\"SALON DU TOURISME IFTM 2023, PARIS, FRANCE\" class=\"img-fluid st-hover-grow\" \/>\r\n                                    <\/a>\r\n                                                                        <div class=\"content-item\">\r\n\r\n                                        <h3 class=\"title\" itemprop=\"name\">\r\n                                            <a href=\"https:\/\/orientstar.uz\/fr\/salon-du-tourisme-iftm-2023-paris-france\/\">SALON DU TOURISME IFTM 2023, PARIS, FRANCE<\/a>\r\n                                        <\/h3>\r\n\r\n                                        <div class=\"meta\">\r\n                                            <ul>\r\n                                                <li>\r\n                                                    <a href=\"https:\/\/orientstar.uz\/fr\/author\/madina\/\">\r\n                                                        <img alt='SALON DU TOURISME IFTM 2023, PARIS, FRANCE' src='https:\/\/secure.gravatar.com\/avatar\/d7477943030d3c5651cf37ca53bb0827d957c194bf8e412640447f713ddc6975?s=30&#038;d=mm&#038;r=g' srcset='https:\/\/secure.gravatar.com\/avatar\/d7477943030d3c5651cf37ca53bb0827d957c194bf8e412640447f713ddc6975?s=60&#038;d=mm&#038;r=g 2x' class='avatar avatar-30 photo' height='30' width='30' \/>                                                        Madina Irgasheva                                                    <\/a>\r\n                                                <\/li>\r\n                                                <li>\r\n                                                    28 octobre 2023                                                <\/li>\r\n\r\n                                            <\/ul>\r\n                                        <\/div>\r\n                                    <\/div>\r\n                                <\/div>\r\n\r\n                            <\/div>\r\n                        <\/div>\r\n                    <\/div>\r\n                                <\/div>\r\n                            <div class=\"swiper-pagination\"><\/div>\r\n                    <\/div>\r\n                    <div class=\"st-button-prev\"><span class=\"stt-icon stt-icon-arrow-left\"><\/span><\/div>\r\n            <div class=\"st-button-next\"><span class=\"stt-icon stt-icon-arrow-right\"><\/span><\/div>\r\n        \r\n    <\/div>\r\n\t\t\t\t<\/div>\n\t\t\t\t<\/div>\n\t\t\t\t\t<\/div>\n\t\t\t\t<\/div>\n\t\t\t\t<\/div>\n\t\t","protected":false},"excerpt":{"rendered":"<p>FAQ Les questions fr\u00e9quentes Combien de jours avant le d\u00e9part tous les groupes ferment-ils ? Nous fermons tous les groupes 25 jours avant le d\u00e9part. En cas de r\u00e9servation de derni\u00e8re minute, il est toujours conseill\u00e9 de v\u00e9rifier la disponibilit\u00e9 des h\u00f4tels, des vols domestiques et des trains. Que se passe-t-il si les h\u00f4tels mentionn\u00e9s [&hellip;]<\/p>\n","protected":false},"author":1,"featured_media":0,"parent":0,"menu_order":0,"comment_status":"closed","ping_status":"closed","template":"elementor_header_footer","meta":{"footnotes":""},"class_list":["post-33291","page","type-page","status-publish","has-post-thumbnail","hentry"],"_links":{"self":[{"href":"https:\/\/orientstar.uz\/fr\/wp-json\/wp\/v2\/pages\/33291","targetHints":{"allow":["GET"]}}],"collection":[{"href":"https:\/\/orientstar.uz\/fr\/wp-json\/wp\/v2\/pages"}],"about":[{"href":"https:\/\/orientstar.uz\/fr\/wp-json\/wp\/v2\/types\/page"}],"author":[{"embeddable":true,"href":"https:\/\/orientstar.uz\/fr\/wp-json\/wp\/v2\/users\/1"}],"replies":[{"embeddable":true,"href":"https:\/\/orientstar.uz\/fr\/wp-json\/wp\/v2\/comments?post=33291"}],"version-history":[{"count":0,"href":"https:\/\/orientstar.uz\/fr\/wp-json\/wp\/v2\/pages\/33291\/revisions"}],"wp:attachment":[{"href":"https:\/\/orientstar.uz\/fr\/wp-json\/wp\/v2\/media?parent=33291"}],"curies":[{"name":"wp","href":"https:\/\/api.w.org\/{rel}","templated":true}]}}